{"id":127275,"date":"2025-06-25T11:38:13","date_gmt":"2025-06-25T10:38:13","guid":{"rendered":"https:\/\/www.padelariumgava.com\/?page_id=127275"},"modified":"2026-03-17T13:29:50","modified_gmt":"2026-03-17T12:29:50","slug":"fcp","status":"publish","type":"page","link":"https:\/\/www.padelariumgava.com\/es\/fcp\/","title":{"rendered":"Escuela competici\u00f3n menores 25\/26"},"content":{"rendered":"\t\t<div data-elementor-type=\"wp-page\" data-elementor-id=\"127275\" class=\"elementor elementor-127275 elementor-125111\" data-elementor-post-type=\"page\">\n\t\t\t\t<div class=\"elementor-element elementor-element-69644ef full-width e-flex e-con-boxed e-con e-parent\" data-id=\"69644ef\" data-element_type=\"container\" data-e-type=\"container\" data-settings=\"{&quot;background_background&quot;:&quot;classic&quot;}\">\n\t\t\t\t\t<div class=\"e-con-inner\">\n\t\t<div class=\"elementor-element elementor-element-2318bab e-con-full e-flex e-con e-child\" data-id=\"2318bab\" data-element_type=\"container\" data-e-type=\"container\">\n\t\t\t\t<div class=\"elementor-element elementor-element-cee6765 elementor-widget elementor-widget-heading\" data-id=\"cee6765\" data-element_type=\"widget\" data-e-type=\"widget\" data-widget_type=\"heading.default\">\n\t\t\t\t<div class=\"elementor-widget-container\">\n\t\t\t\t\t<h1 class=\"elementor-heading-title elementor-size-default\">ESCUELA DE P\u00c1DEL DE COMPETICI\u00d3N PARA MENORES<\/h1>\t\t\t\t<\/div>\n\t\t\t\t<\/div>\n\t\t\t\t<div class=\"elementor-element elementor-element-3cf98fe elementor-widget elementor-widget-heading\" data-id=\"3cf98fe\" data-element_type=\"widget\" data-e-type=\"widget\" data-widget_type=\"heading.default\">\n\t\t\t\t<div class=\"elementor-widget-container\">\n\t\t\t\t\t<p class=\"elementor-heading-title elementor-size-default\">\u00a1DE 10 A 17 A\u00d1OS!<\/p>\t\t\t\t<\/div>\n\t\t\t\t<\/div>\n\t\t\t\t<\/div>\n\t\t<div class=\"elementor-element elementor-element-95ebd6d e-con-full e-flex e-con e-child\" data-id=\"95ebd6d\" data-element_type=\"container\" data-e-type=\"container\" id=\"formulari\" data-settings=\"{&quot;background_background&quot;:&quot;classic&quot;}\">\n\t\t\t\t<div class=\"elementor-element elementor-element-0325fb5 elementor-widget elementor-widget-menu-anchor\" data-id=\"0325fb5\" data-element_type=\"widget\" data-e-type=\"widget\" data-widget_type=\"menu-anchor.default\">\n\t\t\t\t<div class=\"elementor-widget-container\">\n\t\t\t\t\t\t\t<div class=\"elementor-menu-anchor\" id=\"formulari-desktop\"><\/div>\n\t\t\t\t\t\t<\/div>\n\t\t\t\t<\/div>\n\t\t\t\t<div class=\"elementor-element elementor-element-408fac6 elementor-widget elementor-widget-heading\" data-id=\"408fac6\" data-element_type=\"widget\" data-e-type=\"widget\" data-widget_type=\"heading.default\">\n\t\t\t\t<div class=\"elementor-widget-container\">\n\t\t\t\t\t<p class=\"elementor-heading-title elementor-size-default\">PREG\u00daNTANOS SOBRE LA ESCUELA DE COMPETICI\u00d3N<\/p>\t\t\t\t<\/div>\n\t\t\t\t<\/div>\n\t\t\t\t<div class=\"elementor-element elementor-element-26b1642 elementor-widget elementor-widget-shortcode\" data-id=\"26b1642\" data-element_type=\"widget\" data-e-type=\"widget\" data-widget_type=\"shortcode.default\">\n\t\t\t\t<div class=\"elementor-widget-container\">\n\t\t\t\t\t\t\t<div class=\"elementor-shortcode\">\n<div class=\"wpcf7 no-js\" id=\"wpcf7-f13990-o1\" lang=\"es-ES\" dir=\"ltr\" data-wpcf7-id=\"13990\">\n<div class=\"screen-reader-response\"><p role=\"status\" aria-live=\"polite\" aria-atomic=\"true\"><\/p> <ul><\/ul><\/div>\n<form action=\"\/es\/wp-json\/wp\/v2\/pages\/127275#wpcf7-f13990-o1\" method=\"post\" class=\"wpcf7-form init wpcf7-acceptance-as-validation\" aria-label=\"Formulario de contacto\" novalidate=\"novalidate\" data-status=\"init\">\n<fieldset class=\"hidden-fields-container\"><input type=\"hidden\" name=\"_wpcf7\" value=\"13990\" \/><input type=\"hidden\" name=\"_wpcf7_version\" value=\"6.1.4\" \/><input type=\"hidden\" name=\"_wpcf7_locale\" value=\"es_ES\" \/><input type=\"hidden\" name=\"_wpcf7_unit_tag\" value=\"wpcf7-f13990-o1\" \/><input type=\"hidden\" name=\"_wpcf7_container_post\" value=\"0\" \/><input type=\"hidden\" name=\"_wpcf7_posted_data_hash\" value=\"\" \/>\n<\/fieldset>\n<div id=\"responsive-form\" class=\"clearfix\">\n\t<div class=\"form-row\">\n\t\t<div class=\"column-half\" id=\"negre-formulari\">\n\t\t\t<p>Nombre<br \/>\n<span class=\"wpcf7-form-control-wrap\" data-name=\"your-name\"><input size=\"40\" maxlength=\"400\" class=\"wpcf7-form-control wpcf7-text wpcf7-validates-as-required\" aria-required=\"true\" aria-invalid=\"false\" value=\"\" type=\"text\" name=\"your-name\" \/><\/span>\n\t\t\t<\/p>\n\t\t<\/div>\n\t\t<div class=\"column-half\" id=\"negre-formulari\">\n\t\t\t<p>Apellidos<br \/>\n<span class=\"wpcf7-form-control-wrap\" data-name=\"your-surname\"><input size=\"40\" maxlength=\"400\" class=\"wpcf7-form-control wpcf7-text wpcf7-validates-as-required\" aria-required=\"true\" aria-invalid=\"false\" value=\"\" type=\"text\" name=\"your-surname\" \/><\/span>\n\t\t\t<\/p>\n\t\t<\/div>\n\t<\/div>\n\t<div class=\"form-row\">\n\t\t<div class=\"column-half\"id=\"negre-formulari\">\n\t\t\t<p>Tel\u00e9fono<br \/>\n<span class=\"wpcf7-form-control-wrap\" data-name=\"tel-433\"><input size=\"40\" maxlength=\"9\" minlength=\"9\" class=\"wpcf7-form-control wpcf7-tel wpcf7-validates-as-required wpcf7-text wpcf7-validates-as-tel\" aria-required=\"true\" aria-invalid=\"false\" value=\"\" type=\"tel\" name=\"tel-433\" \/><\/span>\n\t\t\t<\/p>\n\t\t<\/div>\n\t\t<div class=\"column-half\" id=\"negre-formulari\">\n\t\t\t<p>Email<br \/>\n<span class=\"wpcf7-form-control-wrap\" data-name=\"your-email\"><input size=\"40\" maxlength=\"400\" class=\"wpcf7-form-control wpcf7-email wpcf7-validates-as-required wpcf7-text wpcf7-validates-as-email\" aria-required=\"true\" aria-invalid=\"false\" value=\"\" type=\"email\" name=\"your-email\" \/><\/span>\n\t\t\t<\/p>\n\t\t<\/div>\n\t<\/div>\n\t<div class=\"form-row\" id=\"negre-formulari\">\n\t\t<p>Mensaje<br \/>\n<span class=\"wpcf7-form-control-wrap\" data-name=\"your-message\"><textarea cols=\"40\" rows=\"10\" maxlength=\"2000\" class=\"wpcf7-form-control wpcf7-textarea\" aria-invalid=\"false\" name=\"your-message\"><\/textarea><\/span>\n\t\t<\/p>\n\t<\/div>\n\t<p><div class=\"cf7-cf-turnstile\" style=\"margin-top: 0px; margin-bottom: -15px;\"> <div id=\"cf-turnstile-cf7-1321030348\" class=\"cf-turnstile\" data-sitekey=\"0x4AAAAAAA7bgjVcM4Yxy31C\" data-theme=\"light\" data-language=\"auto\" data-size=\"normal\" data-retry=\"auto\" data-retry-interval=\"1000\" data-refresh-expired=\"auto\" data-action=\"contact-form-7\" data-appearance=\"interaction-only\"><\/div> <script>document.addEventListener(\"DOMContentLoaded\", function() { setTimeout(function(){ var e=document.getElementById(\"cf-turnstile-cf7-1321030348\"); e&&!e.innerHTML.trim()&&(turnstile.remove(\"#cf-turnstile-cf7-1321030348\"), turnstile.render(\"#cf-turnstile-cf7-1321030348\", {sitekey:\"0x4AAAAAAA7bgjVcM4Yxy31C\"})); }, 100); });<\/script> <style>#cf-turnstile-cf7-1321030348 iframe { margin-bottom: 15px; }<\/style> <style>#cf-turnstile-cf7-1321030348 { margin-left: -15px; }<\/style> <script>document.addEventListener(\"DOMContentLoaded\",function(){document.querySelectorAll('.wpcf7-form').forEach(function(e){e.addEventListener('submit',function(){if(document.getElementById('cf-turnstile-cf7-1321030348')){setTimeout(function(){turnstile.reset('#cf-turnstile-cf7-1321030348');},1000)}})})});<\/script> <\/div>\n\t<\/p>\n\t<div class=\"form-row\" id=\"negre-formulari\">\n\t\t<p style=\"margin-bottom: -5px; margin-top: 30px; margin-left: -13px\"><span class=\"wpcf7-form-control-wrap\" data-name=\"politica\"><span class=\"wpcf7-form-control wpcf7-acceptance\"><span class=\"wpcf7-list-item\"><label><input type=\"checkbox\" name=\"politica\" value=\"1\" aria-invalid=\"false\" \/><span class=\"wpcf7-list-item-label\">He le\u00eddo y acepto la <a href=\"https:\/\/www.padelariumgava.com\/es\/politica-de-privacidad\/\" style=\"color:#32303d; text-decoration:underline\"> pol\u00edtica de privacidad<\/a><\/span><\/label><\/span><\/span><\/span>\n\t\t<\/p>\n\t<\/div>\n\t<p  style=\"margin-bottom: -4px; margin-top: 15px\"><input class=\"wpcf7-form-control wpcf7-submit has-spinner\" id=\"boto-formulari\" type=\"submit\" value=\"ENVIAR\" \/>\n\t<\/p>\n<input class=\"wpcf7-form-control wpcf7-hidden\" value=\"\" type=\"hidden\" name=\"utm_source\" \/>\n<input class=\"wpcf7-form-control wpcf7-hidden\" value=\"\" type=\"hidden\" name=\"utm_medium\" \/>\n<input class=\"wpcf7-form-control wpcf7-hidden\" value=\"\" type=\"hidden\" name=\"utm_campaign\" \/>\n<input class=\"wpcf7-form-control wpcf7-hidden\" value=\"\" type=\"hidden\" name=\"utm_term\" \/>\n<input class=\"wpcf7-form-control wpcf7-hidden\" value=\"\" type=\"hidden\" name=\"utm_content\" \/>\n\t<font size=\"1\" style=\"color:#32303d; font-weight:500\">\n\t\t<p style=\"line-height:100%; text-align: justify;\">INFORMACI\u00d3N B\u00c1SICA SOBRE PROTECCI\u00d3N DE DATOS. Responsable: CET10 (MILARIUM, S.L.) Finalidades: a) Actividades comerciales para diferentes medios y canales de comunicaci\u00f3n de iniciativas y servicios de entidades CET10 y colaboradores, b) Gestionar las solicitudes relacionadas con cualquier iniciativa de entidades de CET10 y colaboradores. Legitimaci\u00f3n: Consentimiento del interesado. Destinatarios: Se prev\u00e9, en su caso, la comunicaci\u00f3n de los datos del interesado a la entidad de CET10 responsable de la actividad solicitada. Derechos: Tiene derecho a acceder, rectificar y suprimir los datos u oponerse al tratamiento de los mismos o en alguna de las finalidades, as\u00ed como otros derechos, como se explica en la informaci\u00f3n adicional. Informaci\u00f3n adicional: Puede consultar la informaci\u00f3n adicional y detallada sobre Protecci\u00f3n de Datos en el link de pol\u00edtica de privacidad. Esta web est\u00e1 protegida por Cloudflare Turnstile, herramienta con titularidad Cloudflare Inc., entidad que tratar\u00e1 determinados datos del usuario. M\u00e1s informaci\u00f3n sobre t\u00e9rminos y condiciones de Cloudflare en este <a href=\" https:\/\/www.cloudflare.com\/es-es\/website-terms\/\" style=\"color:black\"  target=\"blank\">enlace.<\/a> Ver c\u00f3mo Cloudflare trata tus datos disponibles <a href=\"https:\/\/www.cloudflare.com\/es-es\/privacypolicy\/\" style=\"color:black\"  target=\"blank\">aqu\u00ed.<\/a>\n\t\t<\/p>\n\t<\/font>\n<\/div><!--end responsive-form--><div class=\"wpcf7-response-output\" aria-hidden=\"true\"><\/div>\n<\/form>\n<\/div>\n<\/div>\n\t\t\t\t\t\t<\/div>\n\t\t\t\t<\/div>\n\t\t\t\t<\/div>\n\t\t\t\t\t<\/div>\n\t\t\t\t<\/div>\n\t\t\t\t<section class=\"elementor-section elementor-top-section elementor-element elementor-element-5bb3b58 elementor-section-stretched elementor-section-boxed elementor-section-height-default elementor-section-height-default\" data-id=\"5bb3b58\" data-element_type=\"section\" data-e-type=\"section\" data-settings=\"{&quot;stretch_section&quot;:&quot;section-stretched&quot;}\">\n\t\t\t\t\t\t<div class=\"elementor-container elementor-column-gap-default\">\n\t\t\t\t\t<div class=\"elementor-column elementor-col-50 elementor-top-column elementor-element elementor-element-60b4061b\" data-id=\"60b4061b\" data-element_type=\"column\" data-e-type=\"column\">\n\t\t\t<div class=\"elementor-widget-wrap elementor-element-populated\">\n\t\t\t\t\t\t<div class=\"elementor-element elementor-element-5340fde0 elementor-widget elementor-widget-heading\" data-id=\"5340fde0\" data-element_type=\"widget\" data-e-type=\"widget\" data-widget_type=\"heading.default\">\n\t\t\t\t<div class=\"elementor-widget-container\">\n\t\t\t\t\t<h2 class=\"elementor-heading-title elementor-size-default\">Escuela de p\u00e1del de competici\u00f3n de menores<\/h2>\t\t\t\t<\/div>\n\t\t\t\t<\/div>\n\t\t\t\t<div class=\"elementor-element elementor-element-533f4246 elementor-widget elementor-widget-text-editor\" data-id=\"533f4246\" data-element_type=\"widget\" data-e-type=\"widget\" data-widget_type=\"text-editor.default\">\n\t\t\t\t<div class=\"elementor-widget-container\">\n\t\t\t\t\t\t\t\t\t<p>En<strong> la escuela de competici\u00f3n de menores de Padelarium Gav\u00e0<\/strong>\u00a0trabajamos para que los ni\u00f1os\/as y j\u00f3venes, con ganas de competir y con potencial en el mundo del p\u00e1del, puedan disfrutar de entrenamientos pensados para mejorar su rendimiento en los partidos y torneos, y para que puedan formar parte de un grupo de competici\u00f3n.<\/p><p>En estas sesiones, aparte de trabajar el perfeccionamiento de los golpes y la t\u00e1ctica de los partidos, se pone especial <strong>\u00e9nfasis en la preparaci\u00f3n f\u00edsica<\/strong> y se trabaja tambi\u00e9n la <strong>vertiente emocional y<\/strong>\u00a0<strong>psicol\u00f3gica<\/strong> que implica la competici\u00f3n, siendo una gran herramienta de crecimiento personal para los\/as alumnos\/as, que podr\u00e1n extrapolar estos aprendizajes a otros aspectos de la vida.<\/p><p><strong>Pueden acceder ni\u00f1os\/as y j\u00f3venes de categor\u00eda alev\u00edn, infantil y cadete que est\u00e9n federados\/as y que participen en la <\/strong><a href=\"https:\/\/fcpadel.cat\/lliga-catalana-2025\" target=\"_blank\" rel=\"noopener\"><strong>Liga Catalana<\/strong><\/a><strong> o en el <\/strong><a href=\"https:\/\/fcpadel.cat\/competicio\/circuits\/circuit-menors\" target=\"_blank\" rel=\"noopener\"><strong>Circuito de Menores de la FCP<\/strong><\/a><strong> (Federaci\u00f3 Catalana de P\u00e0del).<\/strong><\/p><p>Los grupos son de m\u00e1ximo 4 alumnos\/as y para acceder es necesario hacer previamente una exigente <strong>prueba de nivel.<\/strong><\/p>\t\t\t\t\t\t\t\t<\/div>\n\t\t\t\t<\/div>\n\t\t\t\t\t<\/div>\n\t\t<\/div>\n\t\t\t\t<div class=\"elementor-column elementor-col-50 elementor-top-column elementor-element elementor-element-5e3e0688\" data-id=\"5e3e0688\" data-element_type=\"column\" data-e-type=\"column\">\n\t\t\t<div class=\"elementor-widget-wrap elementor-element-populated\">\n\t\t\t\t\t\t<div class=\"elementor-element elementor-element-4fdf7e3e elementor-widget elementor-widget-image\" data-id=\"4fdf7e3e\" data-element_type=\"widget\" data-e-type=\"widget\" data-widget_type=\"image.default\">\n\t\t\t\t<div class=\"elementor-widget-container\">\n\t\t\t\t\t\t\t\t\t\t\t\t\t\t\t<img fetchpriority=\"high\" decoding=\"async\" width=\"600\" height=\"550\" src=\"https:\/\/www.padelariumgava.com\/wp-content\/uploads\/sites\/42\/2022\/10\/escola-menors-interior.webp\" class=\"attachment-full size-full wp-image-11247\" alt=\"padelarium menors\" srcset=\"https:\/\/www.padelariumgava.com\/wp-content\/uploads\/sites\/42\/2022\/10\/escola-menors-interior.webp 600w, https:\/\/www.padelariumgava.com\/wp-content\/uploads\/sites\/42\/2022\/10\/escola-menors-interior-300x275.webp 300w\" sizes=\"(max-width: 600px) 100vw, 600px\" \/>\t\t\t\t\t\t\t\t\t\t\t\t\t\t\t<\/div>\n\t\t\t\t<\/div>\n\t\t\t\t\t<\/div>\n\t\t<\/div>\n\t\t\t\t\t<\/div>\n\t\t<\/section>\n\t\t\t\t<section class=\"elementor-section elementor-top-section elementor-element elementor-element-449436ed elementor-section-stretched elementor-reverse-mobile elementor-section-boxed elementor-section-height-default elementor-section-height-default\" data-id=\"449436ed\" data-element_type=\"section\" data-e-type=\"section\" data-settings=\"{&quot;stretch_section&quot;:&quot;section-stretched&quot;,&quot;background_background&quot;:&quot;classic&quot;}\">\n\t\t\t\t\t\t\t<div class=\"elementor-background-overlay\"><\/div>\n\t\t\t\t\t\t\t<div class=\"elementor-container elementor-column-gap-default\">\n\t\t\t\t\t<div class=\"elementor-column elementor-col-100 elementor-top-column elementor-element elementor-element-5b778cfa\" data-id=\"5b778cfa\" data-element_type=\"column\" data-e-type=\"column\">\n\t\t\t<div class=\"elementor-widget-wrap elementor-element-populated\">\n\t\t\t\t\t\t<div class=\"elementor-element elementor-element-7c5dfd62 elementor-widget elementor-widget-heading\" data-id=\"7c5dfd62\" data-element_type=\"widget\" data-e-type=\"widget\" data-widget_type=\"heading.default\">\n\t\t\t\t<div class=\"elementor-widget-container\">\n\t\t\t\t\t<h2 class=\"elementor-heading-title elementor-size-default\">Filosof\u00eda Academia de p\u00e1del CET10 <\/h2>\t\t\t\t<\/div>\n\t\t\t\t<\/div>\n\t\t\t\t<div class=\"elementor-element elementor-element-1d5d278d elementor-widget elementor-widget-text-editor\" data-id=\"1d5d278d\" data-element_type=\"widget\" data-e-type=\"widget\" data-widget_type=\"text-editor.default\">\n\t\t\t\t<div class=\"elementor-widget-container\">\n\t\t\t\t\t\t\t\t\t<p>La escuela de competici\u00f3n de Padelarium trabaja siguiendo el <strong>modelo pedag\u00f3gico de la Academia de P\u00e1del CET10<\/strong>, que describe el itinerario de los\/as alumnos\/as a partir de una serie de programaciones unificadas y organizadas. La escuela est\u00e1 orientada para llegar al m\u00e1ximo nivel dentro de la competici\u00f3n <a href=\"https:\/\/fcpadel.cat\/\" target=\"_blank\" rel=\"noopener\"><strong>FCP (Federaci\u00f3 Catalana de P\u00e0del).<\/strong><\/a><\/p><p>La escuela se organiza por niveles para favorecer la evoluci\u00f3n de los jugadores\/as con el objetivo de <strong>mejorar las aptitudes t\u00e9cnicas y condiciones f\u00edsicas de los y de las alumnas, as\u00ed como los conocimientos t\u00e9cnicos y t\u00e1cticos del deporte.<\/strong><\/p>\t\t\t\t\t\t\t\t<\/div>\n\t\t\t\t<\/div>\n\t\t\t\t\t<\/div>\n\t\t<\/div>\n\t\t\t\t\t<\/div>\n\t\t<\/section>\n\t\t\t\t<section class=\"elementor-section elementor-top-section elementor-element elementor-element-1395adb8 elementor-section-stretched elementor-reverse-mobile elementor-section-boxed elementor-section-height-default elementor-section-height-default\" data-id=\"1395adb8\" data-element_type=\"section\" data-e-type=\"section\" data-settings=\"{&quot;stretch_section&quot;:&quot;section-stretched&quot;,&quot;background_background&quot;:&quot;classic&quot;}\">\n\t\t\t\t\t\t\t<div class=\"elementor-background-overlay\"><\/div>\n\t\t\t\t\t\t\t<div class=\"elementor-container elementor-column-gap-default\">\n\t\t\t\t\t<div class=\"elementor-column elementor-col-100 elementor-top-column elementor-element elementor-element-1f6b8916\" data-id=\"1f6b8916\" data-element_type=\"column\" data-e-type=\"column\">\n\t\t\t<div class=\"elementor-widget-wrap elementor-element-populated\">\n\t\t\t\t\t\t<div class=\"elementor-element elementor-element-209aee46 elementor-widget elementor-widget-text-editor\" data-id=\"209aee46\" data-element_type=\"widget\" data-e-type=\"widget\" data-widget_type=\"text-editor.default\">\n\t\t\t\t<div class=\"elementor-widget-container\">\n\t\t\t\t\t\t\t\t\t<p><strong>Grupos, horarios y precios<\/strong><\/p>\t\t\t\t\t\t\t\t<\/div>\n\t\t\t\t<\/div>\n\t\t\t\t<div class=\"elementor-element elementor-element-7dd12958 elementor-widget elementor-widget-text-editor\" data-id=\"7dd12958\" data-element_type=\"widget\" data-e-type=\"widget\" data-widget_type=\"text-editor.default\">\n\t\t\t\t<div class=\"elementor-widget-container\">\n\t\t\t\t\t\t\t\t\t<p><strong>Matr\u00edcula:<\/strong> 25 \u20ac (incluye camiseta de la escuela). Para las renovaciones y nuevas inscripciones de abonados\/as, la matr\u00edcula tendr\u00e1 un <strong>descuento del 50%<\/strong> hasta el 30 de junio de 2025.<\/p>\t\t\t\t\t\t\t\t<\/div>\n\t\t\t\t<\/div>\n\t\t\t\t\t<\/div>\n\t\t<\/div>\n\t\t\t\t\t<\/div>\n\t\t<\/section>\n\t\t\t\t<section class=\"elementor-section elementor-top-section elementor-element elementor-element-6391bb60 elementor-section-stretched elementor-section-boxed elementor-section-height-default elementor-section-height-default\" data-id=\"6391bb60\" data-element_type=\"section\" data-e-type=\"section\" data-settings=\"{&quot;stretch_section&quot;:&quot;section-stretched&quot;,&quot;background_background&quot;:&quot;classic&quot;}\">\n\t\t\t\t\t\t\t<div class=\"elementor-background-overlay\"><\/div>\n\t\t\t\t\t\t\t<div class=\"elementor-container elementor-column-gap-default\">\n\t\t\t\t\t<div class=\"elementor-column elementor-col-50 elementor-top-column elementor-element elementor-element-205373eb\" data-id=\"205373eb\" data-element_type=\"column\" data-e-type=\"column\">\n\t\t\t<div class=\"elementor-widget-wrap elementor-element-populated\">\n\t\t\t\t\t\t<div class=\"elementor-element elementor-element-354c66e7 elementor-position-inline-start elementor-mobile-position-inline-start elementor-view-default elementor-widget elementor-widget-icon-box\" data-id=\"354c66e7\" data-element_type=\"widget\" data-e-type=\"widget\" data-widget_type=\"icon-box.default\">\n\t\t\t\t<div class=\"elementor-widget-container\">\n\t\t\t\t\t\t\t<div class=\"elementor-icon-box-wrapper\">\n\n\t\t\t\t\t\t<div class=\"elementor-icon-box-icon\">\n\t\t\t\t<span  class=\"elementor-icon\">\n\t\t\t\t<i aria-hidden=\"true\" class=\"fas fa-trophy\"><\/i>\t\t\t\t<\/span>\n\t\t\t<\/div>\n\t\t\t\n\t\t\t\t\t\t<div class=\"elementor-icon-box-content\">\n\n\t\t\t\t\t\t\t\t\t<h3 class=\"elementor-icon-box-title\">\n\t\t\t\t\t\t<span  >\n\t\t\t\t\t\t\tCompetici\u00f3n Pre-secci\u00f3n (de 10 a 16 a\u00f1os)\t\t\t\t\t\t<\/span>\n\t\t\t\t\t<\/h3>\n\t\t\t\t\n\t\t\t\t\n\t\t\t<\/div>\n\t\t\t\n\t\t<\/div>\n\t\t\t\t\t\t<\/div>\n\t\t\t\t<\/div>\n\t\t\t\t<div class=\"elementor-element elementor-element-5f5827ca elementor-icon-list--layout-traditional elementor-list-item-link-full_width elementor-widget elementor-widget-icon-list\" data-id=\"5f5827ca\" data-element_type=\"widget\" data-e-type=\"widget\" data-widget_type=\"icon-list.default\">\n\t\t\t\t<div class=\"elementor-widget-container\">\n\t\t\t\t\t\t\t<ul class=\"elementor-icon-list-items\">\n\t\t\t\t\t\t\t<li class=\"elementor-icon-list-item\">\n\t\t\t\t\t\t\t\t\t\t\t<span class=\"elementor-icon-list-icon\">\n\t\t\t\t\t\t\t<i aria-hidden=\"true\" class=\"fas fa-check\"><\/i>\t\t\t\t\t\t<\/span>\n\t\t\t\t\t\t\t\t\t\t<span class=\"elementor-icon-list-text\">Dirigido a ni\u00f1os\/as nacidos entre 2009 y 2015 que se quieren iniciar en la competici\u00f3n y quieren aumentar la intensidad de los entrenamientos, principalmente por el aprendizaje de la t\u00e9cnica y la t\u00e1ctica.<\/span>\n\t\t\t\t\t\t\t\t\t<\/li>\n\t\t\t\t\t\t\t\t<li class=\"elementor-icon-list-item\">\n\t\t\t\t\t\t\t\t\t\t\t<span class=\"elementor-icon-list-icon\">\n\t\t\t\t\t\t\t<i aria-hidden=\"true\" class=\"fas fa-check\"><\/i>\t\t\t\t\t\t<\/span>\n\t\t\t\t\t\t\t\t\t\t<span class=\"elementor-icon-list-text\">Grupo de 4 alumnos\/as que entrenan 1 o 2 d\u00edas a la semana, 1 h cada entrenamiento.<\/span>\n\t\t\t\t\t\t\t\t\t<\/li>\n\t\t\t\t\t\t\t\t<li class=\"elementor-icon-list-item\">\n\t\t\t\t\t\t\t\t\t\t\t<span class=\"elementor-icon-list-icon\">\n\t\t\t\t\t\t\t<i aria-hidden=\"true\" class=\"fas fa-check\"><\/i>\t\t\t\t\t\t<\/span>\n\t\t\t\t\t\t\t\t\t\t<span class=\"elementor-icon-list-text\">Es necesario hacer una prueba de nivel para acceder. <\/span>\n\t\t\t\t\t\t\t\t\t<\/li>\n\t\t\t\t\t\t\t\t<li class=\"elementor-icon-list-item\">\n\t\t\t\t\t\t\t\t\t\t\t<span class=\"elementor-icon-list-icon\">\n\t\t\t\t\t\t\t<i aria-hidden=\"true\" class=\"fas fa-check\"><\/i>\t\t\t\t\t\t<\/span>\n\t\t\t\t\t\t\t\t\t\t<span class=\"elementor-icon-list-text\">No hay que estar federado\/a.<\/span>\n\t\t\t\t\t\t\t\t\t<\/li>\n\t\t\t\t\t\t\t\t<li class=\"elementor-icon-list-item\">\n\t\t\t\t\t\t\t\t\t\t\t<span class=\"elementor-icon-list-icon\">\n\t\t\t\t\t\t\t<i aria-hidden=\"true\" class=\"fas fa-check\"><\/i>\t\t\t\t\t\t<\/span>\n\t\t\t\t\t\t\t\t\t\t<span class=\"elementor-icon-list-text\">Precio: 63 \u20ac \/ 1 d\u00eda semana o 108 \u20ac \/ 2 d\u00edas semana.<\/span>\n\t\t\t\t\t\t\t\t\t<\/li>\n\t\t\t\t\t\t<\/ul>\n\t\t\t\t\t\t<\/div>\n\t\t\t\t<\/div>\n\t\t\t\t\t<\/div>\n\t\t<\/div>\n\t\t\t\t<div class=\"elementor-column elementor-col-50 elementor-top-column elementor-element elementor-element-461237e6\" data-id=\"461237e6\" data-element_type=\"column\" data-e-type=\"column\">\n\t\t\t<div class=\"elementor-widget-wrap elementor-element-populated\">\n\t\t\t\t\t\t<div class=\"elementor-element elementor-element-46aab5ee elementor-position-inline-start elementor-mobile-position-inline-start elementor-view-default elementor-widget elementor-widget-icon-box\" data-id=\"46aab5ee\" data-element_type=\"widget\" data-e-type=\"widget\" data-widget_type=\"icon-box.default\">\n\t\t\t\t<div class=\"elementor-widget-container\">\n\t\t\t\t\t\t\t<div class=\"elementor-icon-box-wrapper\">\n\n\t\t\t\t\t\t<div class=\"elementor-icon-box-icon\">\n\t\t\t\t<span  class=\"elementor-icon\">\n\t\t\t\t<i aria-hidden=\"true\" class=\"fas fa-trophy\"><\/i>\t\t\t\t<\/span>\n\t\t\t<\/div>\n\t\t\t\n\t\t\t\t\t\t<div class=\"elementor-icon-box-content\">\n\n\t\t\t\t\t\t\t\t\t<h3 class=\"elementor-icon-box-title\">\n\t\t\t\t\t\t<span  >\n\t\t\t\t\t\t\tCompetici\u00f3n Menores (de 10 a 17 a\u00f1os)\t\t\t\t\t\t<\/span>\n\t\t\t\t\t<\/h3>\n\t\t\t\t\n\t\t\t\t\n\t\t\t<\/div>\n\t\t\t\n\t\t<\/div>\n\t\t\t\t\t\t<\/div>\n\t\t\t\t<\/div>\n\t\t\t\t<div class=\"elementor-element elementor-element-37932dde elementor-icon-list--layout-traditional elementor-list-item-link-full_width elementor-widget elementor-widget-icon-list\" data-id=\"37932dde\" data-element_type=\"widget\" data-e-type=\"widget\" data-widget_type=\"icon-list.default\">\n\t\t\t\t<div class=\"elementor-widget-container\">\n\t\t\t\t\t\t\t<ul class=\"elementor-icon-list-items\">\n\t\t\t\t\t\t\t<li class=\"elementor-icon-list-item\">\n\t\t\t\t\t\t\t\t\t\t\t<span class=\"elementor-icon-list-icon\">\n\t\t\t\t\t\t\t<i aria-hidden=\"true\" class=\"fas fa-check\"><\/i>\t\t\t\t\t\t<\/span>\n\t\t\t\t\t\t\t\t\t\t<span class=\"elementor-icon-list-text\">Dirigido a ni\u00f1os\/as y j\u00f3venes nacidos entre 2008 y 2015 con un alto nivel y potencial para seguir mejorando y que quieren iniciarse en la competici\u00f3n de federados\/as.<\/span>\n\t\t\t\t\t\t\t\t\t<\/li>\n\t\t\t\t\t\t\t\t<li class=\"elementor-icon-list-item\">\n\t\t\t\t\t\t\t\t\t\t\t<span class=\"elementor-icon-list-icon\">\n\t\t\t\t\t\t\t<i aria-hidden=\"true\" class=\"fas fa-check\"><\/i>\t\t\t\t\t\t<\/span>\n\t\t\t\t\t\t\t\t\t\t<span class=\"elementor-icon-list-text\">Es necesario hacer una prueba de acceso con el\/la coordinador\/a.<\/span>\n\t\t\t\t\t\t\t\t\t<\/li>\n\t\t\t\t\t\t\t\t<li class=\"elementor-icon-list-item\">\n\t\t\t\t\t\t\t\t\t\t\t<span class=\"elementor-icon-list-icon\">\n\t\t\t\t\t\t\t<i aria-hidden=\"true\" class=\"fas fa-check\"><\/i>\t\t\t\t\t\t<\/span>\n\t\t\t\t\t\t\t\t\t\t<span class=\"elementor-icon-list-text\">Es necesario estar federado\/a.<\/span>\n\t\t\t\t\t\t\t\t\t<\/li>\n\t\t\t\t\t\t\t\t<li class=\"elementor-icon-list-item\">\n\t\t\t\t\t\t\t\t\t\t\t<span class=\"elementor-icon-list-icon\">\n\t\t\t\t\t\t\t<i aria-hidden=\"true\" class=\"fas fa-check\"><\/i>\t\t\t\t\t\t<\/span>\n\t\t\t\t\t\t\t\t\t\t<span class=\"elementor-icon-list-text\">Se disputar\u00e1n torneos federados y amateurs.<\/span>\n\t\t\t\t\t\t\t\t\t<\/li>\n\t\t\t\t\t\t\t\t<li class=\"elementor-icon-list-item\">\n\t\t\t\t\t\t\t\t\t\t\t<span class=\"elementor-icon-list-icon\">\n\t\t\t\t\t\t\t<i aria-hidden=\"true\" class=\"fas fa-check\"><\/i>\t\t\t\t\t\t<\/span>\n\t\t\t\t\t\t\t\t\t\t<span class=\"elementor-icon-list-text\">Precio: 195 \u20ac \/ 2 d\u00edas semana (1,5 h\/sesi\u00f3n + 1 h de entrenamiento f\u00edsico).<\/span>\n\t\t\t\t\t\t\t\t\t<\/li>\n\t\t\t\t\t\t<\/ul>\n\t\t\t\t\t\t<\/div>\n\t\t\t\t<\/div>\n\t\t\t\t\t<\/div>\n\t\t<\/div>\n\t\t\t\t\t<\/div>\n\t\t<\/section>\n\t\t\t\t<section class=\"elementor-section elementor-top-section elementor-element elementor-element-1c96020d elementor-section-stretched elementor-reverse-mobile elementor-section-boxed elementor-section-height-default elementor-section-height-default\" data-id=\"1c96020d\" data-element_type=\"section\" data-e-type=\"section\" data-settings=\"{&quot;stretch_section&quot;:&quot;section-stretched&quot;,&quot;background_background&quot;:&quot;classic&quot;}\">\n\t\t\t\t\t\t\t<div class=\"elementor-background-overlay\"><\/div>\n\t\t\t\t\t\t\t<div class=\"elementor-container elementor-column-gap-default\">\n\t\t\t\t\t<div class=\"elementor-column elementor-col-100 elementor-top-column elementor-element elementor-element-23c14a9d\" data-id=\"23c14a9d\" data-element_type=\"column\" data-e-type=\"column\">\n\t\t\t<div class=\"elementor-widget-wrap elementor-element-populated\">\n\t\t\t\t\t\t<div class=\"elementor-element elementor-element-2d23b9fb elementor-widget elementor-widget-shortcode\" data-id=\"2d23b9fb\" data-element_type=\"widget\" data-e-type=\"widget\" data-widget_type=\"shortcode.default\">\n\t\t\t\t<div class=\"elementor-widget-container\">\n\t\t\t\t\t\t\t<div class=\"elementor-shortcode\">\t\t<div class=\"wcs-timetable__wrapper\">\n\t\t\t<div class=\"wcs-vue\" id=\"wcs-app-10\"><\/div>\n\t\t<\/div>\n\t\t<\/div>\n\t\t\t\t\t\t<\/div>\n\t\t\t\t<\/div>\n\t\t\t\t<div class=\"elementor-element elementor-element-6b192641 elementor-widget elementor-widget-text-editor\" data-id=\"6b192641\" data-element_type=\"widget\" data-e-type=\"widget\" data-widget_type=\"text-editor.default\">\n\t\t\t\t<div class=\"elementor-widget-container\">\n\t\t\t\t\t\t\t\t\t<p>Precios v\u00e1lidos hasta el 30 de junio de 2026.<\/p>\t\t\t\t\t\t\t\t<\/div>\n\t\t\t\t<\/div>\n\t\t\t\t<div class=\"elementor-element elementor-element-1d0e0a5e elementor-align-center elementor-mobile-align-justify elementor-hidden-desktop elementor-hidden-tablet elementor-hidden-mobile elementor-widget elementor-widget-button\" data-id=\"1d0e0a5e\" data-element_type=\"widget\" data-e-type=\"widget\" data-widget_type=\"button.default\">\n\t\t\t\t<div class=\"elementor-widget-container\">\n\t\t\t\t\t\t\t\t\t<div class=\"elementor-button-wrapper\">\n\t\t\t\t\t<a class=\"elementor-button elementor-button-link elementor-size-md\" href=\"http:\/\/padelarium.cet10.com\/wp-content\/uploads\/sites\/42\/2022\/10\/PA22_Info_escola_padel-infants-22-23_web.pdf\">\n\t\t\t\t\t\t<span class=\"elementor-button-content-wrapper\">\n\t\t\t\t\t\t\t\t\t<span class=\"elementor-button-text\"><i class=\"fa fa-arrow-circle-right\" aria-hidden=\"true\" style=\"margin-right:10px\"><\/i>CONSULTA PRECIOS AQU\u00cd<\/span>\n\t\t\t\t\t<\/span>\n\t\t\t\t\t<\/a>\n\t\t\t\t<\/div>\n\t\t\t\t\t\t\t\t<\/div>\n\t\t\t\t<\/div>\n\t\t\t\t\t<\/div>\n\t\t<\/div>\n\t\t\t\t\t<\/div>\n\t\t<\/section>\n\t\t\t\t<section class=\"elementor-section elementor-top-section elementor-element elementor-element-65287ce5 elementor-section-stretched elementor-section-boxed elementor-section-height-default elementor-section-height-default\" data-id=\"65287ce5\" data-element_type=\"section\" data-e-type=\"section\" data-settings=\"{&quot;stretch_section&quot;:&quot;section-stretched&quot;,&quot;background_background&quot;:&quot;classic&quot;}\">\n\t\t\t\t\t\t<div class=\"elementor-container elementor-column-gap-default\">\n\t\t\t\t\t<div class=\"elementor-column elementor-col-100 elementor-top-column elementor-element elementor-element-777ba16b\" data-id=\"777ba16b\" data-element_type=\"column\" data-e-type=\"column\">\n\t\t\t<div class=\"elementor-widget-wrap elementor-element-populated\">\n\t\t\t\t\t\t<div class=\"elementor-element elementor-element-124e6fd2 elementor-widget elementor-widget-text-editor\" data-id=\"124e6fd2\" data-element_type=\"widget\" data-e-type=\"widget\" id=\"inscripcions\" data-widget_type=\"text-editor.default\">\n\t\t\t\t<div class=\"elementor-widget-container\">\n\t\t\t\t\t\t\t\t\t<p>INSCRIPCIONES Y RENOVACIONES<\/p>\t\t\t\t\t\t\t\t<\/div>\n\t\t\t\t<\/div>\n\t\t\t\t<div class=\"elementor-element elementor-element-6139d821 elementor-widget elementor-widget-text-editor\" data-id=\"6139d821\" data-element_type=\"widget\" data-e-type=\"widget\" data-widget_type=\"text-editor.default\">\n\t\t\t\t<div class=\"elementor-widget-container\">\n\t\t\t\t\t\t\t\t\t<p><strong>Inscripciones y renovaciones en la recepci\u00f3n del centro. Del<\/strong>\u00a0<b>20 de mayo al 8 de junio <\/b>se abre el plazo\u00a0<b>de inscripciones preferentes para renovaciones <\/b>de los\/as ni\u00f1os\/as y j\u00f3venes actualmente inscritos en la escuela de p\u00e1del de competici\u00f3n.<\/p><p>A partir del<b> 16 de junio, <\/b>se abren<b>\u00a0inscripciones para nuevos usuarios\/as. <\/b>Para cualquier duda sobre las inscripciones de la nueva temporada y las renovaciones nos pod\u00e9is escribir en el formulario de esta p\u00e1gina a trav\u00e9s de este enlace:<\/p>\t\t\t\t\t\t\t\t<\/div>\n\t\t\t\t<\/div>\n\t\t\t\t<div class=\"elementor-element elementor-element-45c13dfd elementor-align-center elementor-mobile-align-justify elementor-widget elementor-widget-button\" data-id=\"45c13dfd\" data-element_type=\"widget\" data-e-type=\"widget\" data-widget_type=\"button.default\">\n\t\t\t\t<div class=\"elementor-widget-container\">\n\t\t\t\t\t\t\t\t\t<div class=\"elementor-button-wrapper\">\n\t\t\t\t\t<a class=\"elementor-button elementor-button-link elementor-size-md\" href=\"#formulari-desktop\">\n\t\t\t\t\t\t<span class=\"elementor-button-content-wrapper\">\n\t\t\t\t\t\t\t\t\t<span class=\"elementor-button-text\"><i class=\"fa fa-arrow-circle-right\" aria-hidden=\"true\" style=\"margin-right:10px\"><\/i><\/i> CONTACTA CON NOSOTROS<\/span>\n\t\t\t\t\t<\/span>\n\t\t\t\t\t<\/a>\n\t\t\t\t<\/div>\n\t\t\t\t\t\t\t\t<\/div>\n\t\t\t\t<\/div>\n\t\t\t\t<section class=\"elementor-section elementor-inner-section elementor-element elementor-element-3b5dcb6a elementor-section-boxed elementor-section-height-default elementor-section-height-default\" data-id=\"3b5dcb6a\" data-element_type=\"section\" data-e-type=\"section\" data-settings=\"{&quot;background_background&quot;:&quot;classic&quot;}\">\n\t\t\t\t\t\t<div class=\"elementor-container elementor-column-gap-default\">\n\t\t\t\t\t<div class=\"elementor-column elementor-col-50 elementor-inner-column elementor-element elementor-element-6b4d9eb\" data-id=\"6b4d9eb\" data-element_type=\"column\" data-e-type=\"column\">\n\t\t\t<div class=\"elementor-widget-wrap elementor-element-populated\">\n\t\t\t\t\t\t<div class=\"elementor-element elementor-element-6e4bc3a8 elementor-widget elementor-widget-text-editor\" data-id=\"6e4bc3a8\" data-element_type=\"widget\" data-e-type=\"widget\" data-widget_type=\"text-editor.default\">\n\t\t\t\t<div class=\"elementor-widget-container\">\n\t\t\t\t\t\t\t\t\t<p><strong>A tener en cuenta:<\/strong><\/p>\t\t\t\t\t\t\t\t<\/div>\n\t\t\t\t<\/div>\n\t\t\t\t<div class=\"elementor-element elementor-element-3e85d60 elementor-icon-list--layout-traditional elementor-list-item-link-full_width elementor-widget elementor-widget-icon-list\" data-id=\"3e85d60\" data-element_type=\"widget\" data-e-type=\"widget\" data-widget_type=\"icon-list.default\">\n\t\t\t\t<div class=\"elementor-widget-container\">\n\t\t\t\t\t\t\t<ul class=\"elementor-icon-list-items\">\n\t\t\t\t\t\t\t<li class=\"elementor-icon-list-item\">\n\t\t\t\t\t\t\t\t\t\t\t<span class=\"elementor-icon-list-icon\">\n\t\t\t\t\t\t\t<i aria-hidden=\"true\" class=\"fas fa-check\"><\/i>\t\t\t\t\t\t<\/span>\n\t\t\t\t\t\t\t\t\t\t<span class=\"elementor-icon-list-text\">Para nuevas inscripciones, el 1\u00ba pago se tiene que hacer en efectivo o tarjeta, el resto por domiciliaci\u00f3n bancaria.<\/span>\n\t\t\t\t\t\t\t\t\t<\/li>\n\t\t\t\t\t\t\t\t<li class=\"elementor-icon-list-item\">\n\t\t\t\t\t\t\t\t\t\t\t<span class=\"elementor-icon-list-icon\">\n\t\t\t\t\t\t\t<i aria-hidden=\"true\" class=\"fas fa-check\"><\/i>\t\t\t\t\t\t<\/span>\n\t\t\t\t\t\t\t\t\t\t<span class=\"elementor-icon-list-text\">En caso de no renovar y\/o decidir no comenzar la escuela, hay que comunicarlo <b>antes del d\u00eda 20 de agosto <\/b>por email a <a href=\"mailto:info@padelariumgava.com\" style=\"font-weight: 700;color:black\">info@padelariumgava.com.<\/a> No se har\u00e1 la devoluci\u00f3n del importe de la matr\u00edcula.<\/span>\n\t\t\t\t\t\t\t\t\t<\/li>\n\t\t\t\t\t\t\t\t<li class=\"elementor-icon-list-item\">\n\t\t\t\t\t\t\t\t\t\t\t<span class=\"elementor-icon-list-icon\">\n\t\t\t\t\t\t\t<i aria-hidden=\"true\" class=\"fas fa-check\"><\/i>\t\t\t\t\t\t<\/span>\n\t\t\t\t\t\t\t\t\t\t<span class=\"elementor-icon-list-text\">En caso de querer darse de baja de la escuela una vez empezado el curso, habr\u00e1 que comunicarlo en recepci\u00f3n antes del d\u00eda 20 del mes en curso. No se har\u00e1 la devoluci\u00f3n del importe de la matr\u00edcula.<\/span>\n\t\t\t\t\t\t\t\t\t<\/li>\n\t\t\t\t\t\t\t\t<li class=\"elementor-icon-list-item\">\n\t\t\t\t\t\t\t\t\t\t\t<span class=\"elementor-icon-list-icon\">\n\t\t\t\t\t\t\t<i aria-hidden=\"true\" class=\"fas fa-check\"><\/i>\t\t\t\t\t\t<\/span>\n\t\t\t\t\t\t\t\t\t\t<span class=\"elementor-icon-list-text\">Para inscribirse en la escuela de competici\u00f3n hay que haber realizado previamente la prueba de nivel. Dirig\u00edos a la recepci\u00f3n del club para poder concretar la prueba con el equipo t\u00e9cnico. <\/span>\n\t\t\t\t\t\t\t\t\t<\/li>\n\t\t\t\t\t\t\t\t<li class=\"elementor-icon-list-item\">\n\t\t\t\t\t\t\t\t\t\t\t<span class=\"elementor-icon-list-icon\">\n\t\t\t\t\t\t\t<i aria-hidden=\"true\" class=\"fas fa-check\"><\/i>\t\t\t\t\t\t<\/span>\n\t\t\t\t\t\t\t\t\t\t<span class=\"elementor-icon-list-text\">Una vez superada la prueba, habr\u00e1 que hacer la inscripci\u00f3n en la recepci\u00f3n del club.<\/span>\n\t\t\t\t\t\t\t\t\t<\/li>\n\t\t\t\t\t\t<\/ul>\n\t\t\t\t\t\t<\/div>\n\t\t\t\t<\/div>\n\t\t\t\t\t<\/div>\n\t\t<\/div>\n\t\t\t\t<div class=\"elementor-column elementor-col-50 elementor-inner-column elementor-element elementor-element-3b4a2746\" data-id=\"3b4a2746\" data-element_type=\"column\" data-e-type=\"column\">\n\t\t\t<div class=\"elementor-widget-wrap elementor-element-populated\">\n\t\t\t\t\t\t<div class=\"elementor-element elementor-element-1844c0a7 elementor-widget elementor-widget-text-editor\" data-id=\"1844c0a7\" data-element_type=\"widget\" data-e-type=\"widget\" data-widget_type=\"text-editor.default\">\n\t\t\t\t<div class=\"elementor-widget-container\">\n\t\t\t\t\t\t\t\t\t<p>Para<b> formalizar la inscripci\u00f3n<\/b> es necesario:<\/p>\t\t\t\t\t\t\t\t<\/div>\n\t\t\t\t<\/div>\n\t\t\t\t<div class=\"elementor-element elementor-element-582cc9d2 elementor-icon-list--layout-traditional elementor-list-item-link-full_width elementor-widget elementor-widget-icon-list\" data-id=\"582cc9d2\" data-element_type=\"widget\" data-e-type=\"widget\" data-widget_type=\"icon-list.default\">\n\t\t\t\t<div class=\"elementor-widget-container\">\n\t\t\t\t\t\t\t<ul class=\"elementor-icon-list-items\">\n\t\t\t\t\t\t\t<li class=\"elementor-icon-list-item\">\n\t\t\t\t\t\t\t\t\t\t\t<span class=\"elementor-icon-list-icon\">\n\t\t\t\t\t\t\t<i aria-hidden=\"true\" class=\"fas fa-check\"><\/i>\t\t\t\t\t\t<\/span>\n\t\t\t\t\t\t\t\t\t\t<span class=\"elementor-icon-list-text\">Fotocopia del DNI del ni\u00f1o\/a y\/o padre\/madre\/tutor\/a.<\/span>\n\t\t\t\t\t\t\t\t\t<\/li>\n\t\t\t\t\t\t\t\t<li class=\"elementor-icon-list-item\">\n\t\t\t\t\t\t\t\t\t\t\t<span class=\"elementor-icon-list-icon\">\n\t\t\t\t\t\t\t<i aria-hidden=\"true\" class=\"fas fa-check\"><\/i>\t\t\t\t\t\t<\/span>\n\t\t\t\t\t\t\t\t\t\t<span class=\"elementor-icon-list-text\">Dar informaci\u00f3n de los datos personales: tel\u00e9fono, correo electr\u00f3nico, direcci\u00f3n\u2026<\/span>\n\t\t\t\t\t\t\t\t\t<\/li>\n\t\t\t\t\t\t\t\t<li class=\"elementor-icon-list-item\">\n\t\t\t\t\t\t\t\t\t\t\t<span class=\"elementor-icon-list-icon\">\n\t\t\t\t\t\t\t<i aria-hidden=\"true\" class=\"fas fa-check\"><\/i>\t\t\t\t\t\t<\/span>\n\t\t\t\t\t\t\t\t\t\t<span class=\"elementor-icon-list-text\">Indicar los datos bancarios y firmar la conformidad del cargo en la cuenta bancaria.<\/span>\n\t\t\t\t\t\t\t\t\t<\/li>\n\t\t\t\t\t\t\t\t<li class=\"elementor-icon-list-item\">\n\t\t\t\t\t\t\t\t\t\t\t<span class=\"elementor-icon-list-icon\">\n\t\t\t\t\t\t\t<i aria-hidden=\"true\" class=\"fas fa-check\"><\/i>\t\t\t\t\t\t<\/span>\n\t\t\t\t\t\t\t\t\t\t<span class=\"elementor-icon-list-text\">Firmar la hoja de inscripci\u00f3n y de la normativa.<\/span>\n\t\t\t\t\t\t\t\t\t<\/li>\n\t\t\t\t\t\t\t\t<li class=\"elementor-icon-list-item\">\n\t\t\t\t\t\t\t\t\t\t\t<span class=\"elementor-icon-list-icon\">\n\t\t\t\t\t\t\t<i aria-hidden=\"true\" class=\"fas fa-check\"><\/i>\t\t\t\t\t\t<\/span>\n\t\t\t\t\t\t\t\t\t\t<span class=\"elementor-icon-list-text\">Abonar el importe de la matr\u00edcula 25 \u20ac <b>(para las renovaciones o inscripciones de abonados\/as, la matr\u00edcula tiene un descuento del 50% hasta el 30\/06\/2025).<\/b><\/span>\n\t\t\t\t\t\t\t\t\t<\/li>\n\t\t\t\t\t\t\t\t<li class=\"elementor-icon-list-item\">\n\t\t\t\t\t\t\t\t\t\t\t<span class=\"elementor-icon-list-icon\">\n\t\t\t\t\t\t\t<i aria-hidden=\"true\" class=\"fas fa-check\"><\/i>\t\t\t\t\t\t<\/span>\n\t\t\t\t\t\t\t\t\t\t<span class=\"elementor-icon-list-text\">En caso de renovaciones, el pago del primer recibo se realizar\u00e1 por domiciliaci\u00f3n bancaria el 1 de septiembre de 2025.<\/span>\n\t\t\t\t\t\t\t\t\t<\/li>\n\t\t\t\t\t\t<\/ul>\n\t\t\t\t\t\t<\/div>\n\t\t\t\t<\/div>\n\t\t\t\t\t<\/div>\n\t\t<\/div>\n\t\t\t\t\t<\/div>\n\t\t<\/section>\n\t\t\t\t\t<\/div>\n\t\t<\/div>\n\t\t\t\t\t<\/div>\n\t\t<\/section>\n\t\t\t\t<section class=\"elementor-section elementor-top-section elementor-element elementor-element-418a6e78 elementor-section-stretched elementor-section-boxed elementor-section-height-default elementor-section-height-default\" data-id=\"418a6e78\" data-element_type=\"section\" data-e-type=\"section\" data-settings=\"{&quot;stretch_section&quot;:&quot;section-stretched&quot;,&quot;background_background&quot;:&quot;classic&quot;}\">\n\t\t\t\t\t\t\t<div class=\"elementor-background-overlay\"><\/div>\n\t\t\t\t\t\t\t<div class=\"elementor-container elementor-column-gap-default\">\n\t\t\t\t\t<div class=\"elementor-column elementor-col-50 elementor-top-column elementor-element elementor-element-e70516\" data-id=\"e70516\" data-element_type=\"column\" data-e-type=\"column\">\n\t\t\t<div class=\"elementor-widget-wrap elementor-element-populated\">\n\t\t\t\t\t\t<div class=\"elementor-element elementor-element-5f4be0b elementor-widget elementor-widget-heading\" data-id=\"5f4be0b\" data-element_type=\"widget\" data-e-type=\"widget\" data-widget_type=\"heading.default\">\n\t\t\t\t<div class=\"elementor-widget-container\">\n\t\t\t\t\t<h2 class=\"elementor-heading-title elementor-size-default\">Equipo de competici\u00f3n<\/h2>\t\t\t\t<\/div>\n\t\t\t\t<\/div>\n\t\t\t\t<div class=\"elementor-element elementor-element-379b4d9c elementor-widget elementor-widget-text-editor\" data-id=\"379b4d9c\" data-element_type=\"widget\" data-e-type=\"widget\" data-widget_type=\"text-editor.default\">\n\t\t\t\t<div class=\"elementor-widget-container\">\n\t\t\t\t\t\t\t\t\t<p>Los\/as jugadores\/as de la escuela de competici\u00f3n de menores optar\u00e1n a formar parte del equipo de competici\u00f3n CET10, formado por otros jugadores\/as de la misma categor\u00eda, que entrenan en los clubs <strong><a href=\"https:\/\/artossportsclub.com\/es\/\" target=\"_blank\" rel=\"noopener\">Art\u00f3s Sports Club<\/a><\/strong> y\u00a0<strong><a href=\"https:\/\/cemolimpia.com\/es\/\" target=\"_blank\" rel=\"noopener\">CEM Ol\u00edmpia<\/a><\/strong> de Barcelona, con los que comparten metodolog\u00eda de entrenamiento y direcci\u00f3n t\u00e9cnica. Este equipo competir\u00e1 en diferentes competiciones de la FCP (Federaci\u00f3 Catalana de P\u00e0del).<\/p><p>Los\/as ni\u00f1os\/as y j\u00f3venes mejorar\u00e1n sus aptitudes f\u00edsicas, t\u00e9cnicas y t\u00e1cticas aparte de sentirse parte de un equipo y de jugar con el aliciente y la motivaci\u00f3n de mejorar en la competici\u00f3n.<\/p>\t\t\t\t\t\t\t\t<\/div>\n\t\t\t\t<\/div>\n\t\t\t\t\t<\/div>\n\t\t<\/div>\n\t\t\t\t<div class=\"elementor-column elementor-col-50 elementor-top-column elementor-element elementor-element-455274da\" data-id=\"455274da\" data-element_type=\"column\" data-e-type=\"column\">\n\t\t\t<div class=\"elementor-widget-wrap elementor-element-populated\">\n\t\t\t\t\t\t<div class=\"elementor-element elementor-element-29871983 elementor-widget elementor-widget-image\" data-id=\"29871983\" data-element_type=\"widget\" data-e-type=\"widget\" data-widget_type=\"image.default\">\n\t\t\t\t<div class=\"elementor-widget-container\">\n\t\t\t\t\t\t\t\t\t\t\t\t\t\t\t<img decoding=\"async\" width=\"768\" height=\"576\" src=\"https:\/\/www.padelariumgava.com\/wp-content\/uploads\/sites\/42\/2022\/10\/imatges-rectangular-padelarium54616-768x576.webp\" class=\"attachment-medium_large size-medium_large wp-image-130550\" alt=\"padelarium p\u00e0del\" srcset=\"https:\/\/www.padelariumgava.com\/wp-content\/uploads\/sites\/42\/2022\/10\/imatges-rectangular-padelarium54616-768x576.webp 768w, https:\/\/www.padelariumgava.com\/wp-content\/uploads\/sites\/42\/2022\/10\/imatges-rectangular-padelarium54616-300x225.webp 300w, https:\/\/www.padelariumgava.com\/wp-content\/uploads\/sites\/42\/2022\/10\/imatges-rectangular-padelarium54616.webp 800w\" sizes=\"(max-width: 768px) 100vw, 768px\" \/>\t\t\t\t\t\t\t\t\t\t\t\t\t\t\t<\/div>\n\t\t\t\t<\/div>\n\t\t\t\t\t<\/div>\n\t\t<\/div>\n\t\t\t\t\t<\/div>\n\t\t<\/section>\n\t\t\t\t<section class=\"elementor-section elementor-top-section elementor-element elementor-element-84f9abc elementor-section-stretched elementor-section-boxed elementor-section-height-default elementor-section-height-default\" data-id=\"84f9abc\" data-element_type=\"section\" data-e-type=\"section\" data-settings=\"{&quot;stretch_section&quot;:&quot;section-stretched&quot;,&quot;background_background&quot;:&quot;classic&quot;}\">\n\t\t\t\t\t\t<div class=\"elementor-container elementor-column-gap-default\">\n\t\t\t\t\t<div class=\"elementor-column elementor-col-100 elementor-top-column elementor-element elementor-element-64781716\" data-id=\"64781716\" data-element_type=\"column\" data-e-type=\"column\">\n\t\t\t<div class=\"elementor-widget-wrap elementor-element-populated\">\n\t\t\t\t\t\t<div class=\"elementor-element elementor-element-4ac6676e elementor-widget elementor-widget-heading\" data-id=\"4ac6676e\" data-element_type=\"widget\" data-e-type=\"widget\" data-widget_type=\"heading.default\">\n\t\t\t\t<div class=\"elementor-widget-container\">\n\t\t\t\t\t<h2 class=\"elementor-heading-title elementor-size-default\">Calendario<\/h2>\t\t\t\t<\/div>\n\t\t\t\t<\/div>\n\t\t\t\t<section class=\"elementor-section elementor-inner-section elementor-element elementor-element-518fbbac elementor-section-boxed elementor-section-height-default elementor-section-height-default\" data-id=\"518fbbac\" data-element_type=\"section\" data-e-type=\"section\">\n\t\t\t\t\t\t<div class=\"elementor-container elementor-column-gap-default\">\n\t\t\t\t\t<div class=\"elementor-column elementor-col-50 elementor-inner-column elementor-element elementor-element-24adad81\" data-id=\"24adad81\" data-element_type=\"column\" data-e-type=\"column\">\n\t\t\t<div class=\"elementor-widget-wrap elementor-element-populated\">\n\t\t\t\t\t\t<div class=\"elementor-element elementor-element-48a5cde elementor-widget elementor-widget-text-editor\" data-id=\"48a5cde\" data-element_type=\"widget\" data-e-type=\"widget\" data-widget_type=\"text-editor.default\">\n\t\t\t\t<div class=\"elementor-widget-container\">\n\t\t\t\t\t\t\t\t\tEl curso se llevar\u00e1 a cabo durante las siguientes fechas:\t\t\t\t\t\t\t\t<\/div>\n\t\t\t\t<\/div>\n\t\t\t\t<div class=\"elementor-element elementor-element-1ccfb9f6 elementor-icon-list--layout-traditional elementor-list-item-link-full_width elementor-widget elementor-widget-icon-list\" data-id=\"1ccfb9f6\" data-element_type=\"widget\" data-e-type=\"widget\" data-widget_type=\"icon-list.default\">\n\t\t\t\t<div class=\"elementor-widget-container\">\n\t\t\t\t\t\t\t<ul class=\"elementor-icon-list-items\">\n\t\t\t\t\t\t\t<li class=\"elementor-icon-list-item\">\n\t\t\t\t\t\t\t\t\t\t\t<span class=\"elementor-icon-list-icon\">\n\t\t\t\t\t\t\t<i aria-hidden=\"true\" class=\"fas fa-check\"><\/i>\t\t\t\t\t\t<\/span>\n\t\t\t\t\t\t\t\t\t\t<span class=\"elementor-icon-list-text\">Del lunes 1 de septiembre de 2025 al martes 30 de junio de 2026.<\/span>\n\t\t\t\t\t\t\t\t\t<\/li>\n\t\t\t\t\t\t\t\t<li class=\"elementor-icon-list-item\">\n\t\t\t\t\t\t\t\t\t\t\t<span class=\"elementor-icon-list-icon\">\n\t\t\t\t\t\t\t<i aria-hidden=\"true\" class=\"fas fa-check\"><\/i>\t\t\t\t\t\t<\/span>\n\t\t\t\t\t\t\t\t\t\t<span class=\"elementor-icon-list-text\">Los festivos no se impartir\u00e1n clases y no se recuperar\u00e1n, siguiendo el calendario escolar.<\/span>\n\t\t\t\t\t\t\t\t\t<\/li>\n\t\t\t\t\t\t<\/ul>\n\t\t\t\t\t\t<\/div>\n\t\t\t\t<\/div>\n\t\t\t\t\t<\/div>\n\t\t<\/div>\n\t\t\t\t<div class=\"elementor-column elementor-col-50 elementor-inner-column elementor-element elementor-element-1cf2a46d\" data-id=\"1cf2a46d\" data-element_type=\"column\" data-e-type=\"column\">\n\t\t\t<div class=\"elementor-widget-wrap elementor-element-populated\">\n\t\t\t\t\t\t<div class=\"elementor-element elementor-element-3f7df27e elementor-widget elementor-widget-text-editor\" data-id=\"3f7df27e\" data-element_type=\"widget\" data-e-type=\"widget\" data-widget_type=\"text-editor.default\">\n\t\t\t\t<div class=\"elementor-widget-container\">\n\t\t\t\t\t\t\t\t\tVacaciones de <strong>Navidad<\/strong> y de <strong>Semana Santa:<\/strong>\t\t\t\t\t\t\t\t<\/div>\n\t\t\t\t<\/div>\n\t\t\t\t<div class=\"elementor-element elementor-element-72f7948f elementor-icon-list--layout-traditional elementor-list-item-link-full_width elementor-widget elementor-widget-icon-list\" data-id=\"72f7948f\" data-element_type=\"widget\" data-e-type=\"widget\" data-widget_type=\"icon-list.default\">\n\t\t\t\t<div class=\"elementor-widget-container\">\n\t\t\t\t\t\t\t<ul class=\"elementor-icon-list-items\">\n\t\t\t\t\t\t\t<li class=\"elementor-icon-list-item\">\n\t\t\t\t\t\t\t\t\t\t\t<span class=\"elementor-icon-list-icon\">\n\t\t\t\t\t\t\t<i aria-hidden=\"true\" class=\"fas fa-check\"><\/i>\t\t\t\t\t\t<\/span>\n\t\t\t\t\t\t\t\t\t\t<span class=\"elementor-icon-list-text\">Vacaciones de Navidad: del 22 de diciembre de 2025 al 6 de enero de 2026 (incluidos).<\/span>\n\t\t\t\t\t\t\t\t\t<\/li>\n\t\t\t\t\t\t\t\t<li class=\"elementor-icon-list-item\">\n\t\t\t\t\t\t\t\t\t\t\t<span class=\"elementor-icon-list-icon\">\n\t\t\t\t\t\t\t<i aria-hidden=\"true\" class=\"fas fa-check\"><\/i>\t\t\t\t\t\t<\/span>\n\t\t\t\t\t\t\t\t\t\t<span class=\"elementor-icon-list-text\">Semana Santa: del 30 de marzo al 6 de abril de 2026 (incluidos).<\/span>\n\t\t\t\t\t\t\t\t\t<\/li>\n\t\t\t\t\t\t<\/ul>\n\t\t\t\t\t\t<\/div>\n\t\t\t\t<\/div>\n\t\t\t\t\t<\/div>\n\t\t<\/div>\n\t\t\t\t\t<\/div>\n\t\t<\/section>\n\t\t\t\t<div class=\"elementor-element elementor-element-29c988d3 elementor-widget elementor-widget-text-editor\" data-id=\"29c988d3\" data-element_type=\"widget\" data-e-type=\"widget\" data-widget_type=\"text-editor.default\">\n\t\t\t\t<div class=\"elementor-widget-container\">\n\t\t\t\t\t\t\t\t\tLa duraci\u00f3n de la actividad es de 10 meses.\u00a0<span style=\"color: var( --e-global-color-text ); letter-spacing: var(--the7-base-letter-spacing); text-transform: var(--the7-base-text-transform); word-spacing: normal;\">El calendario de competici\u00f3n sigue las fechas establecidas por la <a href=\"https:\/\/fcpadel.cat\/\" target=\"_blank\" rel=\"noopener\"><strong>FCP (Federaci\u00f3 Catalana de P\u00e0del).<\/strong><\/a><\/span>\t\t\t\t\t\t\t\t<\/div>\n\t\t\t\t<\/div>\n\t\t\t\t\t<\/div>\n\t\t<\/div>\n\t\t\t\t\t<\/div>\n\t\t<\/section>\n\t\t\t\t<section class=\"elementor-section elementor-top-section elementor-element elementor-element-66fb20b6 elementor-section-boxed elementor-section-height-default elementor-section-height-default\" data-id=\"66fb20b6\" data-element_type=\"section\" data-e-type=\"section\">\n\t\t\t\t\t\t<div class=\"elementor-container elementor-column-gap-default\">\n\t\t\t\t\t<div class=\"elementor-column elementor-col-100 elementor-top-column elementor-element elementor-element-6a6625eb\" data-id=\"6a6625eb\" data-element_type=\"column\" data-e-type=\"column\">\n\t\t\t<div class=\"elementor-widget-wrap elementor-element-populated\">\n\t\t\t\t\t\t<div class=\"elementor-element elementor-element-7796f06a elementor-widget elementor-widget-heading\" data-id=\"7796f06a\" data-element_type=\"widget\" data-e-type=\"widget\" data-widget_type=\"heading.default\">\n\t\t\t\t<div class=\"elementor-widget-container\">\n\t\t\t\t\t<h2 class=\"elementor-heading-title elementor-size-default\">Acceso a la instalaci\u00f3n<\/h2>\t\t\t\t<\/div>\n\t\t\t\t<\/div>\n\t\t\t\t<div class=\"elementor-element elementor-element-714b8cc elementor-icon-list--layout-traditional elementor-list-item-link-full_width elementor-widget elementor-widget-icon-list\" data-id=\"714b8cc\" data-element_type=\"widget\" data-e-type=\"widget\" data-widget_type=\"icon-list.default\">\n\t\t\t\t<div class=\"elementor-widget-container\">\n\t\t\t\t\t\t\t<ul class=\"elementor-icon-list-items\">\n\t\t\t\t\t\t\t<li class=\"elementor-icon-list-item\">\n\t\t\t\t\t\t\t\t\t\t\t<span class=\"elementor-icon-list-icon\">\n\t\t\t\t\t\t\t<i aria-hidden=\"true\" class=\"fas fa-check\"><\/i>\t\t\t\t\t\t<\/span>\n\t\t\t\t\t\t\t\t\t\t<span class=\"elementor-icon-list-text\">No se permitir\u00e1 el acceso pasados 10 minutos del inicio de la sesi\u00f3n. Se&nbsp;ruega la m\u00e1xima puntualidad para el correcto desarrollo de la actividad.<\/span>\n\t\t\t\t\t\t\t\t\t<\/li>\n\t\t\t\t\t\t\t\t<li class=\"elementor-icon-list-item\">\n\t\t\t\t\t\t\t\t\t\t\t<span class=\"elementor-icon-list-icon\">\n\t\t\t\t\t\t\t<i aria-hidden=\"true\" class=\"fas fa-check\"><\/i>\t\t\t\t\t\t<\/span>\n\t\t\t\t\t\t\t\t\t\t<span class=\"elementor-icon-list-text\">Los\/as participantes entrar\u00e1n y saldr\u00e1n por el lado de la pista 1.<\/span>\n\t\t\t\t\t\t\t\t\t<\/li>\n\t\t\t\t\t\t\t\t<li class=\"elementor-icon-list-item\">\n\t\t\t\t\t\t\t\t\t\t\t<span class=\"elementor-icon-list-icon\">\n\t\t\t\t\t\t\t<i aria-hidden=\"true\" class=\"fas fa-check\"><\/i>\t\t\t\t\t\t<\/span>\n\t\t\t\t\t\t\t\t\t\t<span class=\"elementor-icon-list-text\">El acceso a pistas solo est\u00e1 permitido a los jugadores\/as inscritos\/as.<\/span>\n\t\t\t\t\t\t\t\t\t<\/li>\n\t\t\t\t\t\t\t\t<li class=\"elementor-icon-list-item\">\n\t\t\t\t\t\t\t\t\t\t\t<span class=\"elementor-icon-list-icon\">\n\t\t\t\t\t\t\t<i aria-hidden=\"true\" class=\"fas fa-check\"><\/i>\t\t\t\t\t\t<\/span>\n\t\t\t\t\t\t\t\t\t\t<span class=\"elementor-icon-list-text\">Fuera del horario de la actividad, ninguna persona de la instalaci\u00f3n se har\u00e1 cargo del menor.<\/span>\n\t\t\t\t\t\t\t\t\t<\/li>\n\t\t\t\t\t\t\t\t<li class=\"elementor-icon-list-item\">\n\t\t\t\t\t\t\t\t\t\t\t<span class=\"elementor-icon-list-icon\">\n\t\t\t\t\t\t\t<i aria-hidden=\"true\" class=\"fas fa-check\"><\/i>\t\t\t\t\t\t<\/span>\n\t\t\t\t\t\t\t\t\t\t<span class=\"elementor-icon-list-text\">Los\/as acompa\u00f1antes podr\u00e1n esperar en la cafeter\u00eda o zona social.<\/span>\n\t\t\t\t\t\t\t\t\t<\/li>\n\t\t\t\t\t\t\t\t<li class=\"elementor-icon-list-item\">\n\t\t\t\t\t\t\t\t\t\t\t<span class=\"elementor-icon-list-icon\">\n\t\t\t\t\t\t\t<i aria-hidden=\"true\" class=\"fas fa-check\"><\/i>\t\t\t\t\t\t<\/span>\n\t\t\t\t\t\t\t\t\t\t<span class=\"elementor-icon-list-text\">En caso de que nadie recoja al jugador\/a despu\u00e9s de la clase, si no ha habido ning\u00fan previo aviso del retraso, la organizaci\u00f3n no se har\u00e1 responsable de la tutela del\/de la menor.<\/span>\n\t\t\t\t\t\t\t\t\t<\/li>\n\t\t\t\t\t\t<\/ul>\n\t\t\t\t\t\t<\/div>\n\t\t\t\t<\/div>\n\t\t\t\t\t<\/div>\n\t\t<\/div>\n\t\t\t\t\t<\/div>\n\t\t<\/section>\n\t\t\t\t<section class=\"elementor-section elementor-top-section elementor-element elementor-element-3b2e73be elementor-section-boxed elementor-section-height-default elementor-section-height-default\" data-id=\"3b2e73be\" data-element_type=\"section\" data-e-type=\"section\">\n\t\t\t\t\t\t<div class=\"elementor-container elementor-column-gap-default\">\n\t\t\t\t\t<div class=\"elementor-column elementor-col-100 elementor-top-column elementor-element elementor-element-42eb07c0\" data-id=\"42eb07c0\" data-element_type=\"column\" data-e-type=\"column\">\n\t\t\t<div class=\"elementor-widget-wrap elementor-element-populated\">\n\t\t\t\t\t\t<div class=\"elementor-element elementor-element-73047b30 elementor-widget elementor-widget-heading\" data-id=\"73047b30\" data-element_type=\"widget\" data-e-type=\"widget\" data-widget_type=\"heading.default\">\n\t\t\t\t<div class=\"elementor-widget-container\">\n\t\t\t\t\t<h3 class=\"elementor-heading-title elementor-size-default\">Material necesario<\/h3>\t\t\t\t<\/div>\n\t\t\t\t<\/div>\n\t\t\t\t<div class=\"elementor-element elementor-element-f000ca9 elementor-icon-list--layout-traditional elementor-list-item-link-full_width elementor-widget elementor-widget-icon-list\" data-id=\"f000ca9\" data-element_type=\"widget\" data-e-type=\"widget\" data-widget_type=\"icon-list.default\">\n\t\t\t\t<div class=\"elementor-widget-container\">\n\t\t\t\t\t\t\t<ul class=\"elementor-icon-list-items\">\n\t\t\t\t\t\t\t<li class=\"elementor-icon-list-item\">\n\t\t\t\t\t\t\t\t\t\t\t<span class=\"elementor-icon-list-icon\">\n\t\t\t\t\t\t\t<i aria-hidden=\"true\" class=\"fas fa-check\"><\/i>\t\t\t\t\t\t<\/span>\n\t\t\t\t\t\t\t\t\t\t<span class=\"elementor-icon-list-text\">Hay que llevar zapatillas deportivas, preferiblemente con suela de espiga o alguna otra espec\u00edfica de p\u00e1del. Los t\u00e9cnicos os asesorar\u00e1n sobre la elecci\u00f3n del calzado adecuado.<\/span>\n\t\t\t\t\t\t\t\t\t<\/li>\n\t\t\t\t\t\t\t\t<li class=\"elementor-icon-list-item\">\n\t\t\t\t\t\t\t\t\t\t\t<span class=\"elementor-icon-list-icon\">\n\t\t\t\t\t\t\t<i aria-hidden=\"true\" class=\"fas fa-check\"><\/i>\t\t\t\t\t\t<\/span>\n\t\t\t\t\t\t\t\t\t\t<span class=\"elementor-icon-list-text\">Se debe llevar la camiseta de la escuela, que se entregar\u00e1 durante el 1\u00ba mes de inicio de la actividad y ropa deportiva c\u00f3moda.<\/span>\n\t\t\t\t\t\t\t\t\t<\/li>\n\t\t\t\t\t\t\t\t<li class=\"elementor-icon-list-item\">\n\t\t\t\t\t\t\t\t\t\t\t<span class=\"elementor-icon-list-icon\">\n\t\t\t\t\t\t\t<i aria-hidden=\"true\" class=\"fas fa-check\"><\/i>\t\t\t\t\t\t<\/span>\n\t\t\t\t\t\t\t\t\t\t<span class=\"elementor-icon-list-text\">Padelarium dispone de todo el material para realizar la actividad. Se recomienda que a medida que avanza el aprendizaje del deporte, que cada ni\u00f1o\/a tenga su propia pala. El equipo t\u00e9cnico os asesorar\u00e1 sobre la elecci\u00f3n de la pala adecuada. <\/span>\n\t\t\t\t\t\t\t\t\t<\/li>\n\t\t\t\t\t\t\t\t<li class=\"elementor-icon-list-item\">\n\t\t\t\t\t\t\t\t\t\t\t<span class=\"elementor-icon-list-icon\">\n\t\t\t\t\t\t\t<i aria-hidden=\"true\" class=\"fas fa-check\"><\/i>\t\t\t\t\t\t<\/span>\n\t\t\t\t\t\t\t\t\t\t<span class=\"elementor-icon-list-text\">Si el p\u00e1del es tu pasi\u00f3n, da el paso y prep\u00e1rate para competir en la  <a href=\"https:\/\/fcpadel.cat\/\" target=\"blank\" style=\"font-weight: 700;font-family: var( --e-global-typography-text-font-family ), Sans-serif;letter-spacing: var(--the7-base-letter-spacing);text-transform: var(--the7-base-text-transform)\">FCP (Federaci\u00f3 Catalana de P\u00e0del)<\/a> con la escuela de competici\u00f3n de menores de Padelarium Gav\u00e0.<\/span>\n\t\t\t\t\t\t\t\t\t<\/li>\n\t\t\t\t\t\t<\/ul>\n\t\t\t\t\t\t<\/div>\n\t\t\t\t<\/div>\n\t\t\t\t\t<\/div>\n\t\t<\/div>\n\t\t\t\t\t<\/div>\n\t\t<\/section>\n\t\t\t\t<section class=\"elementor-section elementor-top-section elementor-element elementor-element-71ec3322 elementor-section-boxed elementor-section-height-default elementor-section-height-default\" data-id=\"71ec3322\" data-element_type=\"section\" data-e-type=\"section\">\n\t\t\t\t\t\t<div class=\"elementor-container elementor-column-gap-default\">\n\t\t\t\t\t<div class=\"elementor-column elementor-col-100 elementor-top-column elementor-element elementor-element-5218e0b1\" data-id=\"5218e0b1\" data-element_type=\"column\" data-e-type=\"column\">\n\t\t\t<div class=\"elementor-widget-wrap elementor-element-populated\">\n\t\t\t\t\t\t<div class=\"elementor-element elementor-element-36353ced elementor-widget elementor-widget-heading\" data-id=\"36353ced\" data-element_type=\"widget\" data-e-type=\"widget\" data-widget_type=\"heading.default\">\n\t\t\t\t<div class=\"elementor-widget-container\">\n\t\t\t\t\t<h3 class=\"elementor-heading-title elementor-size-default\">Otros<\/h3>\t\t\t\t<\/div>\n\t\t\t\t<\/div>\n\t\t\t\t<div class=\"elementor-element elementor-element-14a24f4e elementor-icon-list--layout-traditional elementor-list-item-link-full_width elementor-widget elementor-widget-icon-list\" data-id=\"14a24f4e\" data-element_type=\"widget\" data-e-type=\"widget\" data-widget_type=\"icon-list.default\">\n\t\t\t\t<div class=\"elementor-widget-container\">\n\t\t\t\t\t\t\t<ul class=\"elementor-icon-list-items\">\n\t\t\t\t\t\t\t<li class=\"elementor-icon-list-item\">\n\t\t\t\t\t\t\t\t\t\t\t<span class=\"elementor-icon-list-icon\">\n\t\t\t\t\t\t\t<i aria-hidden=\"true\" class=\"fas fa-check\"><\/i>\t\t\t\t\t\t<\/span>\n\t\t\t\t\t\t\t\t\t\t<span class=\"elementor-icon-list-text\">La plaza quedar\u00e1 formalizada en el momento en que se entregue toda la documentaci\u00f3n y se abone el importe de la matr\u00edcula.<\/span>\n\t\t\t\t\t\t\t\t\t<\/li>\n\t\t\t\t\t\t\t\t<li class=\"elementor-icon-list-item\">\n\t\t\t\t\t\t\t\t\t\t\t<span class=\"elementor-icon-list-icon\">\n\t\t\t\t\t\t\t<i aria-hidden=\"true\" class=\"fas fa-check\"><\/i>\t\t\t\t\t\t<\/span>\n\t\t\t\t\t\t\t\t\t\t<span class=\"elementor-icon-list-text\">Para llevar a cabo las clases de p\u00e1del ser\u00e1 necesario que haya un m\u00ednimo de inscritos, determinado por el centro, seg\u00fan el grupo.<\/span>\n\t\t\t\t\t\t\t\t\t<\/li>\n\t\t\t\t\t\t\t\t<li class=\"elementor-icon-list-item\">\n\t\t\t\t\t\t\t\t\t\t\t<span class=\"elementor-icon-list-icon\">\n\t\t\t\t\t\t\t<i aria-hidden=\"true\" class=\"fas fa-check\"><\/i>\t\t\t\t\t\t<\/span>\n\t\t\t\t\t\t\t\t\t\t<span class=\"elementor-icon-list-text\">La p\u00e9rdida de clase por motivos personales no implica la recuperaci\u00f3n de la sesi\u00f3n.<\/span>\n\t\t\t\t\t\t\t\t\t<\/li>\n\t\t\t\t\t\t\t\t<li class=\"elementor-icon-list-item\">\n\t\t\t\t\t\t\t\t\t\t\t<span class=\"elementor-icon-list-icon\">\n\t\t\t\t\t\t\t<i aria-hidden=\"true\" class=\"fas fa-check\"><\/i>\t\t\t\t\t\t<\/span>\n\t\t\t\t\t\t\t\t\t\t<span class=\"elementor-icon-list-text\">Precios con el 21% de IVA incluido.<\/span>\n\t\t\t\t\t\t\t\t\t<\/li>\n\t\t\t\t\t\t<\/ul>\n\t\t\t\t\t\t<\/div>\n\t\t\t\t<\/div>\n\t\t\t\t<div class=\"elementor-element elementor-element-623e6db4 elementor-align-center elementor-mobile-align-justify elementor-widget elementor-widget-button\" data-id=\"623e6db4\" data-element_type=\"widget\" data-e-type=\"widget\" data-widget_type=\"button.default\">\n\t\t\t\t<div class=\"elementor-widget-container\">\n\t\t\t\t\t\t\t\t\t<div class=\"elementor-button-wrapper\">\n\t\t\t\t\t<a class=\"elementor-button elementor-button-link elementor-size-md\" href=\"https:\/\/www.padelariumgava.com\/es\/normativa-escuela\/\">\n\t\t\t\t\t\t<span class=\"elementor-button-content-wrapper\">\n\t\t\t\t\t\t\t\t\t<span class=\"elementor-button-text\"><i class=\"fa fa-arrow-circle-right\" aria-hidden=\"true\" style=\"margin-right:10px\"><\/i><\/i>CONSULTA LA NORMATIVA<\/span>\n\t\t\t\t\t<\/span>\n\t\t\t\t\t<\/a>\n\t\t\t\t<\/div>\n\t\t\t\t\t\t\t\t<\/div>\n\t\t\t\t<\/div>\n\t\t\t\t<div class=\"elementor-element elementor-element-33c2575d elementor-widget elementor-widget-shortcode\" data-id=\"33c2575d\" data-element_type=\"widget\" data-e-type=\"widget\" data-widget_type=\"shortcode.default\">\n\t\t\t\t<div class=\"elementor-widget-container\">\n\t\t\t\t\t\t\t<div class=\"elementor-shortcode\"><script>\ndocument.addEventListener( 'wpcf7mailsent', function( event ) {\n  location = 'https:\/\/www.padelariumgava.com\/es\/muchas-gracias-escuela-competicion-menores';\n}, false );\n<\/script><\/div>\n\t\t\t\t\t\t<\/div>\n\t\t\t\t<\/div>\n\t\t\t\t<div class=\"elementor-element elementor-element-1df7061f elementor-widget elementor-widget-html\" data-id=\"1df7061f\" data-element_type=\"widget\" data-e-type=\"widget\" data-widget_type=\"html.default\">\n\t\t\t\t<div class=\"elementor-widget-container\">\n\t\t\t\t\t<style>\n\n.widget_search input[type=text].searchform-s, .woocommerce div.elementor .the7-elementor-widget form.cart table.variations td.value select, .wpcf7-number, input[type=text]:not(.elementor-field):not(.searchform-s), input[type=search]:not(.elementor-field), input[type=tel]:not(.elementor-field), input[type=url]:not(.elementor-field), input[type=email]:not(.elementor-field), input[type=number]:not(.elementor-field), input[type=date]:not(.elementor-field), input[type=range]:not(.elementor-field), input[type=password]:not(.elementor-field), select:not(.elementor-field):not(.elementor-field-textual), textarea:not(.elementor-field){\n    font-size: 16px;\n    font-weight: 400;\n    color: black;\n}\n \n @media only screen and (max-width: 750px) {\n \n#formulari-mobile{\n  display: block;\n  position: relative;\n  top: -40px;\n}\n}\n@media only screen and (min-width: 800px) {\n#formulari-desktop{\n  display: block;\n  position: relative;\n  top: -200px;\n} \n}\n\n    .mec-event-footer .mec-booking-button, .dt-form button, #page .widget .dt-form .dt-btn, .widget .dt-form .dt-btn, input[type=\"reset\"], .wpcf7-submit, .nsu-submit, .dt-wc-btn, input#place_order, .woocommerce-Reviews .submit:not(.box-button), input.button, input[name=\"save_address\"], .wc-layout-list .woo-buttons a, .post-password-form input[type=\"submit\"], .mc4wp-form input[type=\"submit\"], div.mc4wp-form button[type=\"submit\"], .tml-submit-wrap input[type=\"submit\"], .wpcf7-form input[type=\"submit\"], input[type=\"submit\"]:not([name=\"update_cart\"]), .woocommerce-widget-layered-nav-dropdown__submit, .give-btn.give-btn-reveal, .give-submit.give-btn, .wc-block-filter-submit-button {\n        background-color: #32303D !important;\n        border-radius: 0px !important;\n        padding-top:20px !important;\n        padding-bottom: 20px !important;\n        width: 100%;\n        font-size: 22px !important; \n        color: white;\n       \n        \n        \n        \n    }\n    \n    .mec-event-footer .mec-booking-button:hover > *, .mec-event-footer .mec-booking-button:hover, .dt-form button:hover > *, .dt-form button:hover, #page .widget .dt-form .dt-btn:hover > *, #page .widget .dt-form .dt-btn:hover, .widget .dt-form .dt-btn:hover > *, .widget .dt-form .dt-btn:hover, input[type=\"reset\"]:hover > *, input[type=\"reset\"]:hover, .wpcf7-submit:hover > *, .wpcf7-submit:hover, .nsu-submit:hover > *, .nsu-submit:hover, .dt-wc-btn:hover > *, .dt-wc-btn:hover, input#place_order:hover > *, input#place_order:hover, .woocommerce-Reviews .submit:not(.box-button):hover > *, .woocommerce-Reviews .submit:not(.box-button):hover, input.button:hover > *, input.button:hover, input[name=\"save_address\"]:hover > *, input[name=\"save_address\"]:hover, .wc-layout-list .woo-buttons a:hover > *, .wc-layout-list .woo-buttons a:hover, .post-password-form input[type=\"submit\"]:hover > *, .post-password-form input[type=\"submit\"]:hover, .mc4wp-form input[type=\"submit\"]:hover > *, .mc4wp-form input[type=\"submit\"]:hover, div.mc4wp-form button[type=\"submit\"]:hover > *, div.mc4wp-form button[type=\"submit\"]:hover, .tml-submit-wrap input[type=\"submit\"]:hover > *, .tml-submit-wrap input[type=\"submit\"]:hover, .wpcf7-form input[type=\"submit\"]:hover > *, .wpcf7-form input[type=\"submit\"]:hover, input[type=\"submit\"]:not([name=\"update_cart\"]):hover > *, input[type=\"submit\"]:not([name=\"update_cart\"]):hover, .woocommerce-widget-layered-nav-dropdown__submit:hover > *, .woocommerce-widget-layered-nav-dropdown__submit:hover, .give-btn.give-btn-reveal:hover > *, .give-btn.give-btn-reveal:hover, .give-submit.give-btn:hover > *, .give-submit.give-btn:hover, .wc-block-filter-submit-button:hover > *, .wc-block-filter-submit-button:hover\n    {\n        color: white !important;\n        background-color: black !important; \n    }\n    \n        @media only screen and (max-width: 700px) {\n    input[type=\"submit\"]:not([name=\"update_cart\"]):not(.woocommerce-widget-layered-nav-dropdown__submit), .post-password-form input[type=\"submit\"], .mc4wp-form input[type=\"submit\"], div.mc4wp-form button[type=\"submit\"], .tml-submit-wrap input[type=\"submit\"], .wpcf7-form input[type=\"submit\"]{\n        margin-top: 10px;\n    }\n    }\n<\/style>\t\t\t\t<\/div>\n\t\t\t\t<\/div>\n\t\t\t\t\t<\/div>\n\t\t<\/div>\n\t\t\t\t\t<\/div>\n\t\t<\/section>\n\t\t<div class=\"elementor-element elementor-element-27f6c80 e-flex e-con-boxed e-con e-parent\" data-id=\"27f6c80\" data-element_type=\"container\" data-e-type=\"container\">\n\t\t\t\t\t<div class=\"e-con-inner\">\n\t\t\t\t<div class=\"elementor-element elementor-element-6960f611 elementor-hidden-mobile elementor-widget elementor-widget-image\" data-id=\"6960f611\" data-element_type=\"widget\" data-e-type=\"widget\" data-widget_type=\"image.default\">\n\t\t\t\t<div class=\"elementor-widget-container\">\n\t\t\t\t\t\t\t\t\t\t\t\t\t\t\t\t<a href=\"https:\/\/www.padelariumgava.com\/es\/pala-de-padel\/\">\n\t\t\t\t\t\t\t<img decoding=\"async\" width=\"1536\" height=\"508\" src=\"https:\/\/www.padelariumgava.com\/wp-content\/uploads\/sites\/42\/2024\/05\/escuela-competicion-adultos-padelarium-gava-desktop-1536x508.webp\" class=\"attachment-1536x1536 size-1536x1536 wp-image-28784\" alt=\"escuela de competicion adultos padelarium\" srcset=\"https:\/\/www.padelariumgava.com\/wp-content\/uploads\/sites\/42\/2024\/05\/escuela-competicion-adultos-padelarium-gava-desktop-1536x508.webp 1536w, https:\/\/www.padelariumgava.com\/wp-content\/uploads\/sites\/42\/2024\/05\/escuela-competicion-adultos-padelarium-gava-desktop-300x99.webp 300w, https:\/\/www.padelariumgava.com\/wp-content\/uploads\/sites\/42\/2024\/05\/escuela-competicion-adultos-padelarium-gava-desktop-1024x338.webp 1024w, https:\/\/www.padelariumgava.com\/wp-content\/uploads\/sites\/42\/2024\/05\/escuela-competicion-adultos-padelarium-gava-desktop-768x254.webp 768w, https:\/\/www.padelariumgava.com\/wp-content\/uploads\/sites\/42\/2024\/05\/escuela-competicion-adultos-padelarium-gava-desktop-2048x677.webp 2048w\" sizes=\"(max-width: 1536px) 100vw, 1536px\" \/>\t\t\t\t\t\t\t\t<\/a>\n\t\t\t\t\t\t\t\t\t\t\t\t\t\t\t<\/div>\n\t\t\t\t<\/div>\n\t\t\t\t<div class=\"elementor-element elementor-element-20b7cc26 elementor-hidden-desktop elementor-hidden-tablet elementor-widget elementor-widget-image\" data-id=\"20b7cc26\" data-element_type=\"widget\" data-e-type=\"widget\" data-widget_type=\"image.default\">\n\t\t\t\t<div class=\"elementor-widget-container\">\n\t\t\t\t\t\t\t\t\t\t\t\t\t\t\t\t<a href=\"https:\/\/www.padelariumgava.com\/es\/pala-de-padel\/\">\n\t\t\t\t\t\t\t<img loading=\"lazy\" decoding=\"async\" width=\"1024\" height=\"1024\" src=\"https:\/\/www.padelariumgava.com\/wp-content\/uploads\/sites\/42\/2024\/05\/escuela-competicion-adultos-padelarium-gava-1024x1024.webp\" class=\"attachment-large size-large wp-image-28786\" alt=\"escuela de competicion adultos padelarium\" srcset=\"https:\/\/www.padelariumgava.com\/wp-content\/uploads\/sites\/42\/2024\/05\/escuela-competicion-adultos-padelarium-gava-1024x1024.webp 1024w, https:\/\/www.padelariumgava.com\/wp-content\/uploads\/sites\/42\/2024\/05\/escuela-competicion-adultos-padelarium-gava-300x300.webp 300w, https:\/\/www.padelariumgava.com\/wp-content\/uploads\/sites\/42\/2024\/05\/escuela-competicion-adultos-padelarium-gava-150x150.webp 150w, https:\/\/www.padelariumgava.com\/wp-content\/uploads\/sites\/42\/2024\/05\/escuela-competicion-adultos-padelarium-gava-768x768.webp 768w, https:\/\/www.padelariumgava.com\/wp-content\/uploads\/sites\/42\/2024\/05\/escuela-competicion-adultos-padelarium-gava.webp 1250w\" sizes=\"(max-width: 1024px) 100vw, 1024px\" \/>\t\t\t\t\t\t\t\t<\/a>\n\t\t\t\t\t\t\t\t\t\t\t\t\t\t\t<\/div>\n\t\t\t\t<\/div>\n\t\t\t\t\t<\/div>\n\t\t\t\t<\/div>\n\t\t\t\t<section class=\"elementor-section elementor-top-section elementor-element elementor-element-227b572 elementor-section-stretched elementor-section-boxed elementor-section-height-default elementor-section-height-default\" data-id=\"227b572\" data-element_type=\"section\" data-e-type=\"section\" data-settings=\"{&quot;stretch_section&quot;:&quot;section-stretched&quot;,&quot;background_background&quot;:&quot;classic&quot;}\">\n\t\t\t\t\t\t<div class=\"elementor-container elementor-column-gap-default\">\n\t\t\t\t\t<div class=\"elementor-column elementor-col-50 elementor-top-column elementor-element elementor-element-25fa4059\" data-id=\"25fa4059\" data-element_type=\"column\" data-e-type=\"column\">\n\t\t\t<div class=\"elementor-widget-wrap elementor-element-populated\">\n\t\t\t\t\t\t<div class=\"elementor-element elementor-element-473af783 elementor-widget elementor-widget-text-editor\" data-id=\"473af783\" data-element_type=\"widget\" data-e-type=\"widget\" data-widget_type=\"text-editor.default\">\n\t\t\t\t<div class=\"elementor-widget-container\">\n\t\t\t\t\t\t\t\t\t<p>Si el p\u00e1del es tu pasi\u00f3n, \u00a1ven a <strong>competir con la escuela de competici\u00f3n!\u00a0<\/strong><\/p>\t\t\t\t\t\t\t\t<\/div>\n\t\t\t\t<\/div>\n\t\t\t\t\t<\/div>\n\t\t<\/div>\n\t\t\t\t<div class=\"elementor-column elementor-col-50 elementor-top-column elementor-element elementor-element-7c98cd2c\" data-id=\"7c98cd2c\" data-element_type=\"column\" data-e-type=\"column\">\n\t\t\t<div class=\"elementor-widget-wrap elementor-element-populated\">\n\t\t\t\t\t\t<div class=\"elementor-element elementor-element-3f6a22d9 elementor-align-justify elementor-mobile-align-justify elementor-widget elementor-widget-button\" data-id=\"3f6a22d9\" data-element_type=\"widget\" data-e-type=\"widget\" data-widget_type=\"button.default\">\n\t\t\t\t<div class=\"elementor-widget-container\">\n\t\t\t\t\t\t\t\t\t<div class=\"elementor-button-wrapper\">\n\t\t\t\t\t<a class=\"elementor-button elementor-button-link elementor-size-md\" href=\"#formulari-desktop\">\n\t\t\t\t\t\t<span class=\"elementor-button-content-wrapper\">\n\t\t\t\t\t\t\t\t\t<span class=\"elementor-button-text\"><i class=\"fa fa-arrow-circle-right\" aria-hidden=\"true\" style=\"margin-right:10px\"><\/i>M\u00c1S INFO<\/span>\n\t\t\t\t\t<\/span>\n\t\t\t\t\t<\/a>\n\t\t\t\t<\/div>\n\t\t\t\t\t\t\t\t<\/div>\n\t\t\t\t<\/div>\n\t\t\t\t\t<\/div>\n\t\t<\/div>\n\t\t\t\t\t<\/div>\n\t\t<\/section>\n\t\t\t\t<\/div>\n\t\t","protected":false},"excerpt":{"rendered":"<p>ESCUELA DE P\u00c1DEL DE COMPETICI\u00d3N PARA MENORES \u00a1DE 10 A 17 A\u00d1OS! PREG\u00daNTANOS SOBRE LA ESCUELA DE COMPETICI\u00d3N Escuela de p\u00e1del de competici\u00f3n de menores En la escuela de competici\u00f3n de menores de Padelarium Gav\u00e0\u00a0trabajamos para que los ni\u00f1os\/as y j\u00f3venes, con ganas de competir y con potencial en el mundo del p\u00e1del, puedan disfrutar&hellip;<\/p>\n","protected":false},"author":88,"featured_media":126693,"parent":0,"menu_order":0,"comment_status":"closed","ping_status":"closed","template":"","meta":{"footnotes":""},"class_list":["post-127275","page","type-page","status-publish","has-post-thumbnail","hentry","description-off"],"yoast_head":"<!-- This site is optimized with the Yoast SEO plugin v26.8 - https:\/\/yoast.com\/product\/yoast-seo-wordpress\/ -->\n<title>FCP: Escuela de competici\u00f3n de menores<\/title>\n<meta name=\"robots\" content=\"index, follow, max-snippet:-1, max-image-preview:large, max-video-preview:-1\" \/>\n<link rel=\"canonical\" href=\"https:\/\/www.padelariumgava.com\/es\/fcp\/\" \/>\n<meta property=\"og:locale\" content=\"es_ES\" \/>\n<meta property=\"og:type\" content=\"article\" \/>\n<meta property=\"og:title\" content=\"FCP: Escuela de competici\u00f3n de menores\" \/>\n<meta property=\"og:description\" content=\"ESCUELA DE P\u00c1DEL DE COMPETICI\u00d3N PARA MENORES \u00a1DE 10 A 17 A\u00d1OS! PREG\u00daNTANOS SOBRE LA ESCUELA DE COMPETICI\u00d3N Escuela de p\u00e1del de competici\u00f3n de menores En la escuela de competici\u00f3n de menores de Padelarium Gav\u00e0\u00a0trabajamos para que los ni\u00f1os\/as y j\u00f3venes, con ganas de competir y con potencial en el mundo del p\u00e1del, puedan disfrutar&hellip;\" \/>\n<meta property=\"og:url\" content=\"https:\/\/www.padelariumgava.com\/es\/fcp\/\" \/>\n<meta property=\"og:site_name\" content=\"Paderarium\" \/>\n<meta property=\"article:publisher\" content=\"https:\/\/www.facebook.com\/padelariumgava\/\" \/>\n<meta property=\"article:modified_time\" content=\"2026-03-17T12:29:50+00:00\" \/>\n<meta property=\"og:image\" content=\"https:\/\/www.padelariumgava.com\/wp-content\/uploads\/sites\/42\/2025\/05\/escola-competicio-nens-padelarium-25-26-scaled.jpg\" \/>\n\t<meta property=\"og:image:width\" content=\"2560\" \/>\n\t<meta property=\"og:image:height\" content=\"1611\" \/>\n\t<meta property=\"og:image:type\" content=\"image\/jpeg\" \/>\n<meta name=\"twitter:card\" content=\"summary_large_image\" \/>\n<meta name=\"twitter:label1\" content=\"Tiempo de lectura\" \/>\n\t<meta name=\"twitter:data1\" content=\"7 minutos\" \/>\n<script type=\"application\/ld+json\" class=\"yoast-schema-graph\">{\"@context\":\"https:\/\/schema.org\",\"@graph\":[{\"@type\":\"WebPage\",\"@id\":\"https:\/\/www.padelariumgava.com\/es\/fcp\/\",\"url\":\"https:\/\/www.padelariumgava.com\/es\/fcp\/\",\"name\":\"FCP: Escuela de competici\u00f3n de menores\",\"isPartOf\":{\"@id\":\"https:\/\/www.padelariumgava.com\/es\/#website\"},\"primaryImageOfPage\":{\"@id\":\"https:\/\/www.padelariumgava.com\/es\/fcp\/#primaryimage\"},\"image\":{\"@id\":\"https:\/\/www.padelariumgava.com\/es\/fcp\/#primaryimage\"},\"thumbnailUrl\":\"https:\/\/www.padelariumgava.com\/wp-content\/uploads\/sites\/42\/2025\/05\/escola-competicio-nens-padelarium-25-26-scaled.jpg\",\"datePublished\":\"2025-06-25T10:38:13+00:00\",\"dateModified\":\"2026-03-17T12:29:50+00:00\",\"inLanguage\":\"es\",\"potentialAction\":[{\"@type\":\"ReadAction\",\"target\":[\"https:\/\/www.padelariumgava.com\/es\/fcp\/\"]}]},{\"@type\":\"ImageObject\",\"inLanguage\":\"es\",\"@id\":\"https:\/\/www.padelariumgava.com\/es\/fcp\/#primaryimage\",\"url\":\"https:\/\/www.padelariumgava.com\/wp-content\/uploads\/sites\/42\/2025\/05\/escola-competicio-nens-padelarium-25-26-scaled.jpg\",\"contentUrl\":\"https:\/\/www.padelariumgava.com\/wp-content\/uploads\/sites\/42\/2025\/05\/escola-competicio-nens-padelarium-25-26-scaled.jpg\",\"width\":2560,\"height\":1611,\"caption\":\"escola competicio menors padelarium gava\"},{\"@type\":\"WebSite\",\"@id\":\"https:\/\/www.padelariumgava.com\/es\/#website\",\"url\":\"https:\/\/www.padelariumgava.com\/es\/\",\"name\":\"Paderarium\",\"description\":\"Padelarium - P\u00e0del Indoor\",\"publisher\":{\"@id\":\"https:\/\/www.padelariumgava.com\/es\/#organization\"},\"potentialAction\":[{\"@type\":\"SearchAction\",\"target\":{\"@type\":\"EntryPoint\",\"urlTemplate\":\"https:\/\/www.padelariumgava.com\/es\/?s={search_term_string}\"},\"query-input\":{\"@type\":\"PropertyValueSpecification\",\"valueRequired\":true,\"valueName\":\"search_term_string\"}}],\"inLanguage\":\"es\"},{\"@type\":\"Organization\",\"@id\":\"https:\/\/www.padelariumgava.com\/es\/#organization\",\"name\":\"Club de P\u00e0del a Gav\u00e0 - Padelarium\",\"url\":\"https:\/\/www.padelariumgava.com\/es\/\",\"logo\":{\"@type\":\"ImageObject\",\"inLanguage\":\"es\",\"@id\":\"https:\/\/www.padelariumgava.com\/es\/#\/schema\/logo\/image\/\",\"url\":\"https:\/\/www.padelariumgava.com\/wp-content\/uploads\/sites\/42\/2022\/08\/padelarium-logo.jpg\",\"contentUrl\":\"https:\/\/www.padelariumgava.com\/wp-content\/uploads\/sites\/42\/2022\/08\/padelarium-logo.jpg\",\"width\":211,\"height\":76,\"caption\":\"Club de P\u00e0del a Gav\u00e0 - Padelarium\"},\"image\":{\"@id\":\"https:\/\/www.padelariumgava.com\/es\/#\/schema\/logo\/image\/\"},\"sameAs\":[\"https:\/\/www.facebook.com\/padelariumgava\/\",\"https:\/\/www.instagram.com\/padelarium\/\"]}]}<\/script>\n<!-- \/ Yoast SEO plugin. -->","yoast_head_json":{"title":"FCP: Escuela de competici\u00f3n de menores","robots":{"index":"index","follow":"follow","max-snippet":"max-snippet:-1","max-image-preview":"max-image-preview:large","max-video-preview":"max-video-preview:-1"},"canonical":"https:\/\/www.padelariumgava.com\/es\/fcp\/","og_locale":"es_ES","og_type":"article","og_title":"FCP: Escuela de competici\u00f3n de menores","og_description":"ESCUELA DE P\u00c1DEL DE COMPETICI\u00d3N PARA MENORES \u00a1DE 10 A 17 A\u00d1OS! PREG\u00daNTANOS SOBRE LA ESCUELA DE COMPETICI\u00d3N Escuela de p\u00e1del de competici\u00f3n de menores En la escuela de competici\u00f3n de menores de Padelarium Gav\u00e0\u00a0trabajamos para que los ni\u00f1os\/as y j\u00f3venes, con ganas de competir y con potencial en el mundo del p\u00e1del, puedan disfrutar&hellip;","og_url":"https:\/\/www.padelariumgava.com\/es\/fcp\/","og_site_name":"Paderarium","article_publisher":"https:\/\/www.facebook.com\/padelariumgava\/","article_modified_time":"2026-03-17T12:29:50+00:00","og_image":[{"width":2560,"height":1611,"url":"https:\/\/www.padelariumgava.com\/wp-content\/uploads\/sites\/42\/2025\/05\/escola-competicio-nens-padelarium-25-26-scaled.jpg","type":"image\/jpeg"}],"twitter_card":"summary_large_image","twitter_misc":{"Tiempo de lectura":"7 minutos"},"schema":{"@context":"https:\/\/schema.org","@graph":[{"@type":"WebPage","@id":"https:\/\/www.padelariumgava.com\/es\/fcp\/","url":"https:\/\/www.padelariumgava.com\/es\/fcp\/","name":"FCP: Escuela de competici\u00f3n de menores","isPartOf":{"@id":"https:\/\/www.padelariumgava.com\/es\/#website"},"primaryImageOfPage":{"@id":"https:\/\/www.padelariumgava.com\/es\/fcp\/#primaryimage"},"image":{"@id":"https:\/\/www.padelariumgava.com\/es\/fcp\/#primaryimage"},"thumbnailUrl":"https:\/\/www.padelariumgava.com\/wp-content\/uploads\/sites\/42\/2025\/05\/escola-competicio-nens-padelarium-25-26-scaled.jpg","datePublished":"2025-06-25T10:38:13+00:00","dateModified":"2026-03-17T12:29:50+00:00","inLanguage":"es","potentialAction":[{"@type":"ReadAction","target":["https:\/\/www.padelariumgava.com\/es\/fcp\/"]}]},{"@type":"ImageObject","inLanguage":"es","@id":"https:\/\/www.padelariumgava.com\/es\/fcp\/#primaryimage","url":"https:\/\/www.padelariumgava.com\/wp-content\/uploads\/sites\/42\/2025\/05\/escola-competicio-nens-padelarium-25-26-scaled.jpg","contentUrl":"https:\/\/www.padelariumgava.com\/wp-content\/uploads\/sites\/42\/2025\/05\/escola-competicio-nens-padelarium-25-26-scaled.jpg","width":2560,"height":1611,"caption":"escola competicio menors padelarium gava"},{"@type":"WebSite","@id":"https:\/\/www.padelariumgava.com\/es\/#website","url":"https:\/\/www.padelariumgava.com\/es\/","name":"Paderarium","description":"Padelarium - P\u00e0del Indoor","publisher":{"@id":"https:\/\/www.padelariumgava.com\/es\/#organization"},"potentialAction":[{"@type":"SearchAction","target":{"@type":"EntryPoint","urlTemplate":"https:\/\/www.padelariumgava.com\/es\/?s={search_term_string}"},"query-input":{"@type":"PropertyValueSpecification","valueRequired":true,"valueName":"search_term_string"}}],"inLanguage":"es"},{"@type":"Organization","@id":"https:\/\/www.padelariumgava.com\/es\/#organization","name":"Club de P\u00e0del a Gav\u00e0 - Padelarium","url":"https:\/\/www.padelariumgava.com\/es\/","logo":{"@type":"ImageObject","inLanguage":"es","@id":"https:\/\/www.padelariumgava.com\/es\/#\/schema\/logo\/image\/","url":"https:\/\/www.padelariumgava.com\/wp-content\/uploads\/sites\/42\/2022\/08\/padelarium-logo.jpg","contentUrl":"https:\/\/www.padelariumgava.com\/wp-content\/uploads\/sites\/42\/2022\/08\/padelarium-logo.jpg","width":211,"height":76,"caption":"Club de P\u00e0del a Gav\u00e0 - Padelarium"},"image":{"@id":"https:\/\/www.padelariumgava.com\/es\/#\/schema\/logo\/image\/"},"sameAs":["https:\/\/www.facebook.com\/padelariumgava\/","https:\/\/www.instagram.com\/padelarium\/"]}]}},"_links":{"self":[{"href":"https:\/\/www.padelariumgava.com\/es\/wp-json\/wp\/v2\/pages\/127275","targetHints":{"allow":["GET"]}}],"collection":[{"href":"https:\/\/www.padelariumgava.com\/es\/wp-json\/wp\/v2\/pages"}],"about":[{"href":"https:\/\/www.padelariumgava.com\/es\/wp-json\/wp\/v2\/types\/page"}],"author":[{"embeddable":true,"href":"https:\/\/www.padelariumgava.com\/es\/wp-json\/wp\/v2\/users\/88"}],"replies":[{"embeddable":true,"href":"https:\/\/www.padelariumgava.com\/es\/wp-json\/wp\/v2\/comments?post=127275"}],"version-history":[{"count":12,"href":"https:\/\/www.padelariumgava.com\/es\/wp-json\/wp\/v2\/pages\/127275\/revisions"}],"predecessor-version":[{"id":130621,"href":"https:\/\/www.padelariumgava.com\/es\/wp-json\/wp\/v2\/pages\/127275\/revisions\/130621"}],"wp:featuredmedia":[{"embeddable":true,"href":"https:\/\/www.padelariumgava.com\/es\/wp-json\/wp\/v2\/media\/126693"}],"wp:attachment":[{"href":"https:\/\/www.padelariumgava.com\/es\/wp-json\/wp\/v2\/media?parent=127275"}],"curies":[{"name":"wp","href":"https:\/\/api.w.org\/{rel}","templated":true}]}}